{"id":263233,"date":"2026-09-01T09:41:16","date_gmt":"2026-09-01T08:41:16","guid":{"rendered":"https:\/\/www.ctengineeringgroup.com\/?post_type=project&#038;p=263233"},"modified":"2026-09-01T09:41:51","modified_gmt":"2026-09-01T08:41:51","slug":"ct-ingenieros-colabora-con-iberdrola-para-poner-en-marcha-la-central-hidroelectrica-de-valdecanas","status":"publish","type":"project","link":"https:\/\/www.ctengineeringgroup.com\/es\/project\/ct-ingenieros-colabora-con-iberdrola-para-poner-en-marcha-la-central-hidroelectrica-de-valdecanas\/","title":{"rendered":"CT Ingenieros colabora con Iberdrola para poner en marcha la Central Hidroel\u00e9ctrica de Valdeca\u00f1as"},"content":{"rendered":"<p>[et_pb_section fb_built=\u00bb1&#8243; _builder_version=\u00bb4.25.1&#8243; _module_preset=\u00bbdefault\u00bb background_color=\u00bb#f7f7f7&#8243; background_image=\u00bbhttps:\/\/www.ctengineeringgroup.com\/wp-content\/uploads\/2024\/06\/blanco_pequeno.png\u00bb background_size=\u00bbcustom\u00bb background_image_width=\u00bb0%\u00bb background_position=\u00bbtop_left\u00bb background_horizontal_offset=\u00bb-10%\u00bb background_vertical_offset=\u00bb-100%\u00bb da_disable_devices=\u00bboff|off|off\u00bb global_colors_info=\u00bb{}\u00bb theme_builder_area=\u00bbpost_content\u00bb da_is_popup=\u00bboff\u00bb da_exit_intent=\u00bboff\u00bb da_has_close=\u00bbon\u00bb da_alt_close=\u00bboff\u00bb da_dark_close=\u00bboff\u00bb da_not_modal=\u00bbon\u00bb da_is_singular=\u00bboff\u00bb da_with_loader=\u00bboff\u00bb da_has_shadow=\u00bbon\u00bb][et_pb_row _builder_version=\u00bb4.25.1&#8243; _module_preset=\u00bbdefault\u00bb global_colors_info=\u00bb{}\u00bb theme_builder_area=\u00bbpost_content\u00bb][et_pb_column type=\u00bb4_4&#8243; _builder_version=\u00bb4.25.1&#8243; _module_preset=\u00bbdefault\u00bb global_colors_info=\u00bb{}\u00bb theme_builder_area=\u00bbpost_content\u00bb][et_pb_text _builder_version=\u00bb4.27.4&#8243; _dynamic_attributes=\u00bbcontent\u00bb _module_preset=\u00bbdefault\u00bb text_font=\u00bbCtgroup Regular||||||||\u00bb text_text_color=\u00bb#01426a\u00bb text_font_size=\u00bb40px\u00bb text_line_height=\u00bb1.5em\u00bb header_font=\u00bbCtgroup Regular||||||||\u00bb header_text_color=\u00bb#01426a\u00bb header_font_size=\u00bb40px\u00bb text_orientation=\u00bbcenter\u00bb text_font_size_tablet=\u00bb32px\u00bb text_font_size_phone=\u00bb28px\u00bb text_font_size_last_edited=\u00bbon|tablet\u00bb header_font_size_tablet=\u00bb32px\u00bb header_font_size_phone=\u00bb28px\u00bb header_font_size_last_edited=\u00bbon|phone\u00bb global_colors_info=\u00bb{}\u00bb theme_builder_area=\u00bbpost_content\u00bb]@ET-DC@eyJkeW5hbWljIjp0cnVlLCJjb250ZW50IjoicG9zdF90aXRsZSIsInNldHRpbmdzIjp7ImJlZm9yZSI6IiIsImFmdGVyIjoiIn19@[\/et_pb_text][\/et_pb_column][\/et_pb_row][\/et_pb_section][et_pb_section fb_built=\u00bb1&#8243; _builder_version=\u00bb4.27.7&#8243; _dynamic_attributes=\u00bbbackground_image\u00bb _module_preset=\u00bbdefault\u00bb background_image=\u00bb@ET-DC@eyJkeW5hbWljIjp0cnVlLCJjb250ZW50IjoicG9zdF9mZWF0dXJlZF9pbWFnZSIsInNldHRpbmdzIjp7fX0=@\u00bb width=\u00bb70%\u00bb module_alignment=\u00bbcenter\u00bb height=\u00bb500px\u00bb da_disable_devices=\u00bboff|off|off\u00bb global_colors_info=\u00bb{}\u00bb theme_builder_area=\u00bbpost_content\u00bb da_is_popup=\u00bboff\u00bb da_exit_intent=\u00bboff\u00bb da_has_close=\u00bbon\u00bb da_alt_close=\u00bboff\u00bb da_dark_close=\u00bboff\u00bb da_not_modal=\u00bbon\u00bb da_is_singular=\u00bboff\u00bb da_with_loader=\u00bboff\u00bb da_has_shadow=\u00bbon\u00bb][et_pb_row _builder_version=\u00bb4.26.1&#8243; _module_preset=\u00bbdefault\u00bb global_colors_info=\u00bb{}\u00bb theme_builder_area=\u00bbpost_content\u00bb][et_pb_column type=\u00bb4_4&#8243; _builder_version=\u00bb4.26.1&#8243; _module_preset=\u00bbdefault\u00bb global_colors_info=\u00bb{}\u00bb theme_builder_area=\u00bbpost_content\u00bb][\/et_pb_column][\/et_pb_row][\/et_pb_section][et_pb_section fb_built=\u00bb1&#8243; _builder_version=\u00bb4.27.7&#8243; _module_preset=\u00bbdefault\u00bb da_disable_devices=\u00bboff|off|off\u00bb global_colors_info=\u00bb{}\u00bb theme_builder_area=\u00bbpost_content\u00bb da_is_popup=\u00bboff\u00bb da_exit_intent=\u00bboff\u00bb da_has_close=\u00bbon\u00bb da_alt_close=\u00bboff\u00bb da_dark_close=\u00bboff\u00bb da_not_modal=\u00bbon\u00bb da_is_singular=\u00bboff\u00bb da_with_loader=\u00bboff\u00bb da_has_shadow=\u00bbon\u00bb][et_pb_row _builder_version=\u00bb4.27.7&#8243; _module_preset=\u00bbdefault\u00bb global_colors_info=\u00bb{}\u00bb theme_builder_area=\u00bbpost_content\u00bb][et_pb_column type=\u00bb4_4&#8243; _builder_version=\u00bb4.27.7&#8243; _module_preset=\u00bbdefault\u00bb global_colors_info=\u00bb{}\u00bb theme_builder_area=\u00bbpost_content\u00bb][et_pb_text _builder_version=\u00bb4.27.7&#8243; _module_preset=\u00bbdefault\u00bb global_colors_info=\u00bb{}\u00bb theme_builder_area=\u00bbpost_content\u00bb]<\/p>\n<p style=\"text-align: justify;\">La Central Hidroel\u00e9ctrica de Valdeca\u00f1as, ubicada en el embalse de Valdeca\u00f1as (C\u00e1ceres, Extremadura), es una <a href=\"https:\/\/www.iberdrolaespana.com\/sala-comunicacion\/noticias\/detalle\/central-hidroelectrica-bombeo-valdecanas-puesta-servicio\">instalaci\u00f3n de generaci\u00f3n y almacenamiento energ\u00e9tico de tipo reversible (bombeo) gestionada por Iberdrola<\/a>, cuya puesta en servicio del proyecto de modernizaci\u00f3n y recuperaci\u00f3n de capacidad se ha iniciado recientemente.<\/p>\n<p style=\"text-align: justify;\">El complejo est\u00e1 compuesto por tres grupos de generaci\u00f3n distribuidos de la siguiente manera:<\/p>\n<ul style=\"text-align: justify;\">\n<li><strong>Grupo 1 (G1):<\/strong> potencia instalada de aproximadamente 82,79 MW.<\/li>\n<li><strong>Grupo 2 (G2):<\/strong> potencia instalada de aproximadamente 82,35 MW.<\/li>\n<li><strong>Grupo 3 (G3):<\/strong> potencia instalada de aproximadamente 82,03 MW<\/li>\n<\/ul>\n<p style=\"text-align: justify;\">La suma de estos tres grupos de generaci\u00f3n da lugar a una potencia total de generaci\u00f3n hidr\u00e1ulica de aproximadamente 247,17 MW cuando opera con todos los grupos integrados en configuraci\u00f3n convencional, generando energ\u00eda aprovechando el salto hidr\u00e1ulico del embalse.<\/p>\n<p style=\"text-align: justify;\">Adicionalmente, la planta incorpora un sistema de hibridaci\u00f3n con bater\u00edas de 15 MW y 7,5 MWh de energ\u00eda almacenada, orientado a mejorar la flexibilidad de operaci\u00f3n, facilitar la gesti\u00f3n de la curva de consumo y demanda, y permitir una integraci\u00f3n m\u00e1s eficiente de fuentes renovables.<\/p>\n<p style=\"text-align: justify;\">En su conjunto, la potencia total instalada de la central, incluyendo los tres grupos de generaci\u00f3n y el sistema de almacenamiento complementario, se sit\u00faa en torno a los 225 MW de capacidad operativa bajo la configuraci\u00f3n de bombeo reversible, lo que habilita tanto la generaci\u00f3n como el almacenamiento de energ\u00eda seg\u00fan las necesidades de la red el\u00e9ctrica. Este esquema t\u00e9cnico de tres unidades de generaci\u00f3n y almacenamiento h\u00edbrido posiciona a Valdeca\u00f1as como una instalaci\u00f3n clave dentro del sistema energ\u00e9tico espa\u00f1ol, al permitir maximizar la producci\u00f3n renovable, equilibrar la demanda y ofrecer servicios de estabilidad de red, factores esenciales en la transici\u00f3n energ\u00e9tica hacia modelos con mayor penetraci\u00f3n de energ\u00edas limpias.<\/p>\n<p>[\/et_pb_text][\/et_pb_column][\/et_pb_row][\/et_pb_section][et_pb_section fb_built=\u00bb1&#8243; _builder_version=\u00bb4.26.1&#8243; _module_preset=\u00bbdefault\u00bb custom_margin=\u00bb0px||||false|false\u00bb custom_padding=\u00bb0px||||false|false\u00bb da_disable_devices=\u00bboff|off|off\u00bb global_colors_info=\u00bb{}\u00bb theme_builder_area=\u00bbpost_content\u00bb da_is_popup=\u00bboff\u00bb da_exit_intent=\u00bboff\u00bb da_has_close=\u00bbon\u00bb da_alt_close=\u00bboff\u00bb da_dark_close=\u00bboff\u00bb da_not_modal=\u00bbon\u00bb da_is_singular=\u00bboff\u00bb da_with_loader=\u00bboff\u00bb da_has_shadow=\u00bbon\u00bb][et_pb_row _builder_version=\u00bb4.27.7&#8243; _module_preset=\u00bbdefault\u00bb global_colors_info=\u00bb{}\u00bb theme_builder_area=\u00bbpost_content\u00bb][et_pb_column type=\u00bb4_4&#8243; _builder_version=\u00bb4.27.7&#8243; _module_preset=\u00bbdefault\u00bb global_colors_info=\u00bb{}\u00bb theme_builder_area=\u00bbpost_content\u00bb][et_pb_image src=\u00bbhttps:\/\/www.ctengineeringgroup.com\/wp-content\/uploads\/2026\/07\/foto_original-_CAMBIAR-FOTO-SOLO-AQUI_.webp\u00bb title_text=\u00bbfoto_original-_CAMBIAR-FOTO-SOLO-AQUI_\u00bb _builder_version=\u00bb4.27.7&#8243; _module_preset=\u00bbdefault\u00bb width=\u00bb80%\u00bb module_alignment=\u00bbcenter\u00bb global_colors_info=\u00bb{}\u00bb theme_builder_area=\u00bbpost_content\u00bb][\/et_pb_image][\/et_pb_column][\/et_pb_row][et_pb_row _builder_version=\u00bb4.27.7&#8243; _module_preset=\u00bbdefault\u00bb global_colors_info=\u00bb{}\u00bb theme_builder_area=\u00bbpost_content\u00bb][et_pb_column type=\u00bb4_4&#8243; _builder_version=\u00bb4.27.7&#8243; _module_preset=\u00bbdefault\u00bb global_colors_info=\u00bb{}\u00bb theme_builder_area=\u00bbpost_content\u00bb][et_pb_text _builder_version=\u00bb4.27.7&#8243; _module_preset=\u00bbdefault\u00bb global_colors_info=\u00bb{}\u00bb theme_builder_area=\u00bbpost_content\u00bb]<\/p>\n<p style=\"text-align: justify;\">En este proyecto, <strong>CT Engineering Group <\/strong>ha desempe\u00f1ado un papel clave en el desarrollo t\u00e9cnico y la puesta en servicio de la instalaci\u00f3n, participando tanto en la ingenier\u00eda asociada al modo de bombeo como en las en las fases de apoyo a la puesta en marcha de los grupos de generaci\u00f3n.<\/p>\n<p style=\"text-align: justify;\">Nuestra contribuci\u00f3n ha incluido la definici\u00f3n y validaci\u00f3n de los esquemas el\u00e9ctricos y de control necesarios para la operaci\u00f3n reversible de la central, as\u00ed como la verificaci\u00f3n de l\u00f3gicas funcionales, sistemas de protecci\u00f3n y secuencias de operaci\u00f3n cr\u00edticas para garantizar el correcto funcionamiento del sistema de bombeo. Adem\u00e1s, durante la fase de commissioning, nuestros equipos han proporcionado soporte t\u00e9cnico en campo, colaborando estrechamente con Iberdrola y el resto de agentes involucrados para asegurar la correcta integraci\u00f3n de los sistemas, el cumplimiento de los requisitos operativos y la fiabilidad global de la instalaci\u00f3n.<\/p>\n<p style=\"text-align: justify;\">Gracias a esta participaci\u00f3n, CT ha contribuido a una puesta en servicio segura y eficiente de una infraestructura estrat\u00e9gica para el sistema el\u00e9ctrico espa\u00f1ol, reforzando su experiencia en proyectos hidroel\u00e9ctricos de alta complejidad y en soluciones avanzadas de almacenamiento energ\u00e9tico.<\/p>\n<p style=\"text-align: justify;\">Esta participaci\u00f3n en Valdeca\u00f1as se suma a nuestra colaboraci\u00f3n con Iberdrola en m\u00e1s de veinte centrales hidroel\u00e9ctricas desarrolladas durante los \u00faltimos cinco a\u00f1os, consolidando una trayectoria basada en la aportaci\u00f3n de soluciones de ingenier\u00eda especializadas para infraestructuras cr\u00edticas del sector energ\u00e9tico.<\/p>\n<p>[\/et_pb_text][\/et_pb_column][\/et_pb_row][et_pb_row column_structure=\u00bb1_2,1_2&#8243; _builder_version=\u00bb4.27.7&#8243; _module_preset=\u00bbdefault\u00bb global_colors_info=\u00bb{}\u00bb theme_builder_area=\u00bbpost_content\u00bb][et_pb_column type=\u00bb1_2&#8243; _builder_version=\u00bb4.27.7&#8243; _module_preset=\u00bbdefault\u00bb global_colors_info=\u00bb{}\u00bb theme_builder_area=\u00bbpost_content\u00bb][et_pb_image src=\u00bbhttps:\/\/www.ctengineeringgroup.com\/wp-content\/uploads\/2026\/07\/AF-Logo-CT_TAGLINE_CMYK-scaled.jpg\u00bb title_text=\u00bbAF Logo CT_TAGLINE_CMYK\u00bb _builder_version=\u00bb4.27.7&#8243; _module_preset=\u00bbdefault\u00bb width=\u00bb41%\u00bb module_alignment=\u00bbright\u00bb global_colors_info=\u00bb{}\u00bb theme_builder_area=\u00bbpost_content\u00bb][\/et_pb_image][\/et_pb_column][et_pb_column type=\u00bb1_2&#8243; _builder_version=\u00bb4.27.7&#8243; _module_preset=\u00bbdefault\u00bb global_colors_info=\u00bb{}\u00bb theme_builder_area=\u00bbpost_content\u00bb][et_pb_image src=\u00bbhttps:\/\/www.ctengineeringgroup.com\/wp-content\/uploads\/2026\/07\/logo-iberdrola-espana.png\u00bb title_text=\u00bblogo-iberdrola espa\u00f1a\u00bb _builder_version=\u00bb4.27.7&#8243; _module_preset=\u00bbdefault\u00bb global_colors_info=\u00bb{}\u00bb theme_builder_area=\u00bbpost_content\u00bb][\/et_pb_image][\/et_pb_column][\/et_pb_row][\/et_pb_section][et_pb_section fb_built=\u00bb1&#8243; disabled_on=\u00bboff|off|off\u00bb module_id=\u00bbeng-footer\u00bb _builder_version=\u00bb4.26.1&#8243; _module_preset=\u00bbdefault\u00bb background_color=\u00bb#00558c\u00bb module_alignment=\u00bbcenter\u00bb da_disable_devices=\u00bboff|off|off\u00bb global_colors_info=\u00bb{}\u00bb theme_builder_area=\u00bbpost_content\u00bb da_is_popup=\u00bboff\u00bb da_exit_intent=\u00bboff\u00bb da_has_close=\u00bbon\u00bb da_alt_close=\u00bboff\u00bb da_dark_close=\u00bboff\u00bb da_not_modal=\u00bbon\u00bb da_is_singular=\u00bboff\u00bb da_with_loader=\u00bboff\u00bb da_has_shadow=\u00bbon\u00bb][et_pb_row column_structure=\u00bb1_6,1_6,1_6,1_6,1_6,1_6&#8243; _builder_version=\u00bb4.20.2&#8243; _module_preset=\u00bbdefault\u00bb global_colors_info=\u00bb{}\u00bb theme_builder_area=\u00bbpost_content\u00bb][et_pb_column type=\u00bb1_6&#8243; _builder_version=\u00bb4.20.2&#8243; _module_preset=\u00bbdefault\u00bb global_colors_info=\u00bb{}\u00bb theme_builder_area=\u00bbpost_content\u00bb][et_pb_image src=\u00bbhttps:\/\/www.ctengineeringgroup.com\/wp-content\/uploads\/2024\/07\/Logo-ct.svg\u00bb title_text=\u00bbLogo-ct\u00bb _builder_version=\u00bb4.26.1&#8243; _module_preset=\u00bbdefault\u00bb global_colors_info=\u00bb{}\u00bb theme_builder_area=\u00bbpost_content\u00bb][\/et_pb_image][\/et_pb_column][et_pb_column type=\u00bb1_6&#8243; _builder_version=\u00bb4.20.2&#8243; _module_preset=\u00bbdefault\u00bb global_colors_info=\u00bb{}\u00bb theme_builder_area=\u00bbpost_content\u00bb][et_pb_text _builder_version=\u00bb4.27.4&#8243; _module_preset=\u00bbdefault\u00bb text_font=\u00bbCtgroup Regular||||||||\u00bb background_layout=\u00bbdark\u00bb global_colors_info=\u00bb{}\u00bb theme_builder_area=\u00bbpost_content\u00bb]<\/p>\n<p style=\"font-size: 20px; font-family: 'Aktiv Grotesk'; color: #ffffff; text-align: left;\"><b>SOBRE CT<\/b><\/p>\n<p>[\/et_pb_text][et_pb_text _builder_version=\u00bb4.26.1&#8243; _module_preset=\u00bbdefault\u00bb text_font=\u00bbCtgroup Regular||||||||\u00bb text_text_color=\u00bb#ffffff\u00bb background_layout=\u00bbdark\u00bb global_colors_info=\u00bb{}\u00bb theme_builder_area=\u00bbpost_content\u00bb]<\/p>\n<p style=\"text-align: left;\"><a href=\"https:\/\/www.ctengineeringgroup.com\/es\/sobre-nosotros\/\"> Sobre nosotros <\/a><br \/><a href=\"https:\/\/www.ctengineeringgroup.com\/es\/innovacion\/\"> Innovaci\u00f3n <\/a><br \/><a href=\"https:\/\/www.ctengineeringgroup.com\/es\/noticias\/\"> Noticias<\/a><br \/><a href=\"https:\/\/www.ctengineeringgroup.com\/es\/talento\/\"> Talento<\/a><br \/><a href=\"https:\/\/www.ctengineeringgroup.com\/es\/quality\/\"> Certificados<\/a><br \/><a href=\"https:\/\/www.ctengineeringgroup.com\/es\/contacto\/\"> Contacto <\/a><\/p>\n<p>[\/et_pb_text][\/et_pb_column][et_pb_column type=\u00bb1_6&#8243; _builder_version=\u00bb4.21.0&#8243; _module_preset=\u00bbdefault\u00bb global_colors_info=\u00bb{}\u00bb theme_builder_area=\u00bbpost_content\u00bb][et_pb_text _builder_version=\u00bb4.26.1&#8243; _module_preset=\u00bbdefault\u00bb text_font=\u00bbCtgroup Regular||||||||\u00bb background_layout=\u00bbdark\u00bb global_colors_info=\u00bb{}\u00bb theme_builder_area=\u00bbpost_content\u00bb]<\/p>\n<p style=\"font-size: 20px; font-family: 'Aktiv Grotesk'; color: #ffffff; text-align: left;\"><b>INDUSTRIAS<\/b><\/p>\n<p>[\/et_pb_text][et_pb_text _builder_version=\u00bb4.26.1&#8243; _module_preset=\u00bbdefault\u00bb global_colors_info=\u00bb{}\u00bb theme_builder_area=\u00bbpost_content\u00bb]<\/p>\n<p style=\"text-align: left;\"><a href=\"https:\/\/www.ctengineeringgroup.com\/es\/industrias\/aeronautica\/\">Aeron\u00e1utica <\/a><br \/>\n<a href=\"https:\/\/www.ctengineeringgroup.com\/es\/industrias\/espacio\/\">Espacio <\/a><br \/>\n<a href=\"https:\/\/www.ctengineeringgroup.com\/es\/industrias\/automocion\/\">Automoci\u00f3n <\/a><br \/>\n<a href=\"https:\/\/www.ctengineeringgroup.com\/es\/industrias\/ferroviario\/\">Ferroviario <\/a><br \/>\n<a href=\"https:\/\/www.ctengineeringgroup.com\/es\/industrias\/naval\/\">Naval <\/a><br \/>\n<a href=\"https:\/\/www.ctengineeringgroup.com\/es\/industrias\/defensa\/\">Defensa <\/a><br \/>\n<a href=\"https:\/\/www.ctengineeringgroup.com\/es\/industrias\/plantas-industriales\/\">Plantas industriales <\/a><br \/>\n<a href=\"https:\/\/www.ctengineeringgroup.com\/es\/industrias\/renovables\/\">Energ\u00eda <\/a><\/p>\n<p>[\/et_pb_text][\/et_pb_column][et_pb_column type=\u00bb1_6&#8243; _builder_version=\u00bb4.20.2&#8243; _module_preset=\u00bbdefault\u00bb global_colors_info=\u00bb{}\u00bb theme_builder_area=\u00bbpost_content\u00bb][et_pb_text _builder_version=\u00bb4.26.1&#8243; _module_preset=\u00bbdefault\u00bb text_font=\u00bbCtgroup Regular||||||||\u00bb background_layout=\u00bbdark\u00bb global_colors_info=\u00bb{}\u00bb theme_builder_area=\u00bbpost_content\u00bb]<\/p>\n<p style=\"font-size: 20px; font-family: 'Aktiv Grotesk'; color: #ffffff; text-align: left;\"><b>SERVICIOS<\/b><\/p>\n<p>[\/et_pb_text][et_pb_text _builder_version=\u00bb4.26.1&#8243; _module_preset=\u00bbdefault\u00bb global_colors_info=\u00bb{}\u00bb theme_builder_area=\u00bbpost_content\u00bb]<\/p>\n<p style=\"text-align: left;\"><a href=\"https:\/\/www.ctengineeringgroup.com\/es\/servicios\/transformacion-digital\/\">Transformaci\u00f3n Digital<\/a><br \/><a href=\"https:\/\/www.ctengineeringgroup.com\/es\/servicios\/ingenieria\/\">Ingenier\u00eda<\/a><br \/><a href=\"https:\/\/www.ctengineeringgroup.com\/es\/servicios\/desarrollo-de-software\/\">Desarrollo de Software<\/a><br \/><a href=\"https:\/\/www.ctengineeringgroup.com\/es\/servicios\/formacion\/\">Formaci\u00f3n<\/a><a href=\"https:\/\/www.ctengineeringgroup.com\/desarrollos-especificos\/\"><\/a><\/p>\n<p>[\/et_pb_text][\/et_pb_column][et_pb_column type=\u00bb1_6&#8243; _builder_version=\u00bb4.20.2&#8243; _module_preset=\u00bbdefault\u00bb global_colors_info=\u00bb{}\u00bb theme_builder_area=\u00bbpost_content\u00bb][et_pb_text _builder_version=\u00bb4.26.1&#8243; _module_preset=\u00bbdefault\u00bb text_font=\u00bbCtgroup Regular||||||||\u00bb background_layout=\u00bbdark\u00bb global_colors_info=\u00bb{}\u00bb theme_builder_area=\u00bbpost_content\u00bb]<\/p>\n<p style=\"font-size: 20px; font-family: 'Aktiv Grotesk'; color: #ffffff; text-align: left;\"><b>LEGAL<\/b><\/p>\n<p>[\/et_pb_text][et_pb_text _builder_version=\u00bb4.26.1&#8243; _module_preset=\u00bbdefault\u00bb global_colors_info=\u00bb{}\u00bb theme_builder_area=\u00bbpost_content\u00bb]<\/p>\n<p style=\"text-align: left;\"><a href=\"https:\/\/www.ctengineeringgroup.com\/es\/politica-de-privacidad\/\">Pol\u00edtica de Privacidad<\/a><br \/>\n<a href=\"https:\/\/www.ctengineeringgroup.com\/es\/terminos-de-uso\/\">T\u00e9rminos de uso<\/a><br \/>\n<a href=\"https:\/\/www.ctengineeringgroup.com\/es\/gestion-de-cookies\/\">Pol\u00edtica de cookies<\/a><br \/>\n<a href=\"https:\/\/www.ctengineeringgroup.com\/es\/aviso-legal\/\">Aviso Legal<\/a><br \/>\n<a href=\"https:\/\/canaldenuncia.com\/@CT_INGENIEROS\/informar\"> Denuncias<\/a><\/p>\n<p>[\/et_pb_text][\/et_pb_column][et_pb_column type=\u00bb1_6&#8243; _builder_version=\u00bb4.20.2&#8243; _module_preset=\u00bbdefault\u00bb global_colors_info=\u00bb{}\u00bb theme_builder_area=\u00bbpost_content\u00bb][et_pb_text _builder_version=\u00bb4.26.1&#8243; _module_preset=\u00bbdefault\u00bb text_font=\u00bbCtgroup Regular||||||||\u00bb background_layout=\u00bbdark\u00bb global_colors_info=\u00bb{}\u00bb theme_builder_area=\u00bbpost_content\u00bb]<\/p>\n<p style=\"font-size: 20px; font-family: 'Aktiv Grotesk'; color: #ffffff; text-align: left;\"><b>SOCIAL MEDIA<\/b><\/p>\n<p>[\/et_pb_text][et_pb_social_media_follow use_icon_font_size=\u00bbon\u00bb _builder_version=\u00bb4.27.5&#8243; _module_preset=\u00bbdefault\u00bb text_orientation=\u00bbleft\u00bb custom_margin=\u00bb||||false|false\u00bb custom_padding=\u00bb||||false|false\u00bb global_colors_info=\u00bb{}\u00bb theme_builder_area=\u00bbpost_content\u00bb][et_pb_social_media_follow_network social_network=\u00bblinkedin\u00bb url=\u00bbhttps:\/\/www.linkedin.com\/company\/thectengineeringgroup\/posts\/?feedView=all\u00bb icon_color=\u00bb#F2A900&#8243; use_icon_font_size=\u00bbon\u00bb icon_font_size=\u00bb24px\u00bb _builder_version=\u00bb4.27.4&#8243; _module_preset=\u00bbdefault\u00bb background_enable_color=\u00bboff\u00bb custom_margin=\u00bb|-14px||-14px|false|false\u00bb custom_padding=\u00bb|0px|||false|false\u00bb global_colors_info=\u00bb{}\u00bb theme_builder_area=\u00bbpost_content\u00bb follow_button=\u00bboff\u00bb url_new_window=\u00bbon\u00bb]linkedin[\/et_pb_social_media_follow_network][et_pb_social_media_follow_network social_network=\u00bbyoutube\u00bb url=\u00bbhttps:\/\/www.youtube.com\/@thectengineeringgroup\/featured\u00bb icon_color=\u00bb#f2a900&#8243; use_icon_font_size=\u00bbon\u00bb icon_font_size=\u00bb25px\u00bb _builder_version=\u00bb4.27.5&#8243; _module_preset=\u00bbdefault\u00bb background_color=\u00bbRGBA(255,255,255,0)\u00bb background_enable_color=\u00bbon\u00bb global_colors_info=\u00bb{}\u00bb theme_builder_area=\u00bbpost_content\u00bb follow_button=\u00bboff\u00bb url_new_window=\u00bbon\u00bb]youtube[\/et_pb_social_media_follow_network][\/et_pb_social_media_follow][\/et_pb_column][\/et_pb_row][et_pb_row _builder_version=\u00bb4.23.1&#8243; _module_preset=\u00bbdefault\u00bb width=\u00bb95%\u00bb max_width=\u00bb1980px\u00bb custom_margin=\u00bb0px||0px||false|false\u00bb custom_padding=\u00bb0px||0px||false|false\u00bb global_colors_info=\u00bb{}\u00bb theme_builder_area=\u00bbpost_content\u00bb][et_pb_column type=\u00bb4_4&#8243; _builder_version=\u00bb4.23.1&#8243; _module_preset=\u00bbdefault\u00bb global_colors_info=\u00bb{}\u00bb theme_builder_area=\u00bbpost_content\u00bb][et_pb_text _builder_version=\u00bb4.26.1&#8243; _module_preset=\u00bbdefault\u00bb text_text_color=\u00bb#ffffff\u00bb text_font_size=\u00bb12px\u00bb global_colors_info=\u00bb{}\u00bb theme_builder_area=\u00bbpost_content\u00bb]<\/p>\n<p style=\"text-align: center;\">\u00a92024 ctengineeringgroup.com All right reserved.<\/p>\n<p>[\/et_pb_text][\/et_pb_column][\/et_pb_row][\/et_pb_section]<\/p>\n","protected":false},"excerpt":{"rendered":"<p>La Central Hidroel\u00e9ctrica de Valdeca\u00f1as, ubicada en el embalse de Valdeca\u00f1as (C\u00e1ceres, Extremadura), es una instalaci\u00f3n de generaci\u00f3n y almacenamiento energ\u00e9tico de tipo reversible (bombeo) gestionada por Iberdrola, cuya puesta en servicio del proyecto de modernizaci\u00f3n y recuperaci\u00f3n de capacidad se ha iniciado recientemente. El complejo est\u00e1 compuesto por tres grupos de generaci\u00f3n distribuidos de la siguiente manera: Grupo 1 (G1): potencia instalada de aproximadamente 82,79 MW. Grupo 2 (G2): potencia instalada de aproximadamente 82,35 MW. Grupo 3 (G3): potencia instalada de aproximadamente 82,03 MW La suma de estos tres grupos de generaci\u00f3n da lugar a una potencia total de generaci\u00f3n hidr\u00e1ulica de aproximadamente 247,17 MW cuando opera con todos los grupos integrados en configuraci\u00f3n convencional, generando energ\u00eda aprovechando el salto hidr\u00e1ulico del embalse. Adicionalmente, la planta incorpora un sistema de hibridaci\u00f3n con bater\u00edas de 15 MW y 7,5 MWh de energ\u00eda almacenada, orientado a mejorar la flexibilidad de operaci\u00f3n, facilitar la gesti\u00f3n de la curva de consumo y demanda, y permitir una integraci\u00f3n m\u00e1s eficiente de fuentes renovables. En su conjunto, la potencia total instalada de la central, incluyendo los tres grupos de generaci\u00f3n y el sistema de almacenamiento complementario, se sit\u00faa en torno a los 225 MW de [&hellip;]<\/p>\n","protected":false},"author":10,"featured_media":263658,"comment_status":"closed","ping_status":"closed","template":"","meta":{"_et_pb_use_builder":"on","_et_pb_old_content":"","_et_gb_content_width":"","footnotes":""},"project_category":[],"project_tag":[],"class_list":["post-263233","project","type-project","status-publish","has-post-thumbnail","hentry"],"yoast_head":"<!-- This site is optimized with the Yoast SEO plugin v28.4 - https:\/\/yoast.com\/product\/yoast-seo-wordpress\/ -->\n<title>CT Ingenieros colabora con Iberdrola para poner en marcha la Central Hidroel\u00e9ctrica de Valdeca\u00f1as - The CT Engineering Group<\/title>\n<meta name=\"description\" content=\"CT Ingenieros e Iberdrola colaboran en la puesta en servicio de la Central Hidroel\u00e9ctrica de Valdeca\u00f1as (C\u00e1ceres).\" \/>\n<meta name=\"robots\" content=\"index, follow, max-snippet:-1, max-image-preview:large, max-video-preview:-1\" \/>\n<link rel=\"canonical\" href=\"https:\/\/www.ctengineeringgroup.com\/es\/project\/ct-ingenieros-colabora-con-iberdrola-para-poner-en-marcha-la-central-hidroelectrica-de-valdecanas\/\" \/>\n<meta property=\"og:locale\" content=\"es_ES\" \/>\n<meta property=\"og:type\" content=\"article\" \/>\n<meta property=\"og:title\" content=\"CT Ingenieros colabora con Iberdrola para poner en marcha la Central Hidroel\u00e9ctrica de Valdeca\u00f1as - The CT Engineering Group\" \/>\n<meta property=\"og:description\" content=\"CT Ingenieros e Iberdrola colaboran en la puesta en servicio de la Central Hidroel\u00e9ctrica de Valdeca\u00f1as (C\u00e1ceres).\" \/>\n<meta property=\"og:url\" content=\"https:\/\/www.ctengineeringgroup.com\/es\/project\/ct-ingenieros-colabora-con-iberdrola-para-poner-en-marcha-la-central-hidroelectrica-de-valdecanas\/\" \/>\n<meta property=\"og:site_name\" content=\"The CT Engineering Group\" \/>\n<meta property=\"article:modified_time\" content=\"2026-09-01T08:41:51+00:00\" \/>\n<meta property=\"og:image\" content=\"https:\/\/www.ctengineeringgroup.com\/wp-content\/uploads\/2026\/07\/Hidroelectrica-valdecanas-1024x768.png\" \/>\n\t<meta property=\"og:image:width\" content=\"1024\" \/>\n\t<meta property=\"og:image:height\" content=\"768\" \/>\n\t<meta property=\"og:image:type\" content=\"image\/png\" \/>\n<meta name=\"twitter:card\" content=\"summary_large_image\" \/>\n<meta name=\"twitter:label1\" content=\"Tiempo de lectura\" \/>\n\t<meta name=\"twitter:data1\" content=\"4 minutos\" \/>\n<script type=\"application\/ld+json\" class=\"yoast-schema-graph\">{\"@context\":\"https:\\\/\\\/schema.org\",\"@graph\":[{\"@type\":\"WebPage\",\"@id\":\"https:\\\/\\\/www.ctengineeringgroup.com\\\/es\\\/project\\\/ct-ingenieros-colabora-con-iberdrola-para-poner-en-marcha-la-central-hidroelectrica-de-valdecanas\\\/\",\"url\":\"https:\\\/\\\/www.ctengineeringgroup.com\\\/es\\\/project\\\/ct-ingenieros-colabora-con-iberdrola-para-poner-en-marcha-la-central-hidroelectrica-de-valdecanas\\\/\",\"name\":\"CT Ingenieros colabora con Iberdrola para poner en marcha la Central Hidroel\u00e9ctrica de Valdeca\u00f1as - The CT Engineering Group\",\"isPartOf\":{\"@id\":\"https:\\\/\\\/www.ctengineeringgroup.com\\\/fr\\\/#website\"},\"primaryImageOfPage\":{\"@id\":\"https:\\\/\\\/www.ctengineeringgroup.com\\\/es\\\/project\\\/ct-ingenieros-colabora-con-iberdrola-para-poner-en-marcha-la-central-hidroelectrica-de-valdecanas\\\/#primaryimage\"},\"image\":{\"@id\":\"https:\\\/\\\/www.ctengineeringgroup.com\\\/es\\\/project\\\/ct-ingenieros-colabora-con-iberdrola-para-poner-en-marcha-la-central-hidroelectrica-de-valdecanas\\\/#primaryimage\"},\"thumbnailUrl\":\"https:\\\/\\\/www.ctengineeringgroup.com\\\/wp-content\\\/uploads\\\/2026\\\/07\\\/Hidroelectrica-valdecanas.png\",\"datePublished\":\"2026-09-01T08:41:16+00:00\",\"dateModified\":\"2026-09-01T08:41:51+00:00\",\"description\":\"CT Ingenieros e Iberdrola colaboran en la puesta en servicio de la Central Hidroel\u00e9ctrica de Valdeca\u00f1as (C\u00e1ceres).\",\"breadcrumb\":{\"@id\":\"https:\\\/\\\/www.ctengineeringgroup.com\\\/es\\\/project\\\/ct-ingenieros-colabora-con-iberdrola-para-poner-en-marcha-la-central-hidroelectrica-de-valdecanas\\\/#breadcrumb\"},\"inLanguage\":\"es\",\"potentialAction\":[{\"@type\":\"ReadAction\",\"target\":[\"https:\\\/\\\/www.ctengineeringgroup.com\\\/es\\\/project\\\/ct-ingenieros-colabora-con-iberdrola-para-poner-en-marcha-la-central-hidroelectrica-de-valdecanas\\\/\"]}]},{\"@type\":\"ImageObject\",\"inLanguage\":\"es\",\"@id\":\"https:\\\/\\\/www.ctengineeringgroup.com\\\/es\\\/project\\\/ct-ingenieros-colabora-con-iberdrola-para-poner-en-marcha-la-central-hidroelectrica-de-valdecanas\\\/#primaryimage\",\"url\":\"https:\\\/\\\/www.ctengineeringgroup.com\\\/wp-content\\\/uploads\\\/2026\\\/07\\\/Hidroelectrica-valdecanas.png\",\"contentUrl\":\"https:\\\/\\\/www.ctengineeringgroup.com\\\/wp-content\\\/uploads\\\/2026\\\/07\\\/Hidroelectrica-valdecanas.png\",\"width\":1448,\"height\":1086},{\"@type\":\"BreadcrumbList\",\"@id\":\"https:\\\/\\\/www.ctengineeringgroup.com\\\/es\\\/project\\\/ct-ingenieros-colabora-con-iberdrola-para-poner-en-marcha-la-central-hidroelectrica-de-valdecanas\\\/#breadcrumb\",\"itemListElement\":[{\"@type\":\"ListItem\",\"position\":1,\"name\":\"Portada\",\"item\":\"https:\\\/\\\/www.ctengineeringgroup.com\\\/es\\\/\"},{\"@type\":\"ListItem\",\"position\":2,\"name\":\"Projets\",\"item\":\"https:\\\/\\\/www.ctengineeringgroup.com\\\/fr\\\/project\\\/\"},{\"@type\":\"ListItem\",\"position\":3,\"name\":\"CT Ingenieros colabora con Iberdrola para poner en marcha la Central Hidroel\u00e9ctrica de Valdeca\u00f1as\"}]},{\"@type\":\"WebSite\",\"@id\":\"https:\\\/\\\/www.ctengineeringgroup.com\\\/fr\\\/#website\",\"url\":\"https:\\\/\\\/www.ctengineeringgroup.com\\\/fr\\\/\",\"name\":\"CT Engineering Group\",\"description\":\"\",\"publisher\":{\"@id\":\"https:\\\/\\\/www.ctengineeringgroup.com\\\/fr\\\/#organization\"},\"potentialAction\":[{\"@type\":\"SearchAction\",\"target\":{\"@type\":\"EntryPoint\",\"urlTemplate\":\"https:\\\/\\\/www.ctengineeringgroup.com\\\/fr\\\/?s={search_term_string}\"},\"query-input\":{\"@type\":\"PropertyValueSpecification\",\"valueRequired\":true,\"valueName\":\"search_term_string\"}}],\"inLanguage\":\"es\"},{\"@type\":\"Organization\",\"@id\":\"https:\\\/\\\/www.ctengineeringgroup.com\\\/fr\\\/#organization\",\"name\":\"CT Engineering Group\",\"url\":\"https:\\\/\\\/www.ctengineeringgroup.com\\\/fr\\\/\",\"logo\":{\"@type\":\"ImageObject\",\"inLanguage\":\"es\",\"@id\":\"https:\\\/\\\/www.ctengineeringgroup.com\\\/fr\\\/#\\\/schema\\\/logo\\\/image\\\/\",\"url\":\"https:\\\/\\\/www.ctengineeringgroup.com\\\/wp-content\\\/uploads\\\/2023\\\/06\\\/Logo-CT-Solutions-positive-version.png\",\"contentUrl\":\"https:\\\/\\\/www.ctengineeringgroup.com\\\/wp-content\\\/uploads\\\/2023\\\/06\\\/Logo-CT-Solutions-positive-version.png\",\"width\":1160,\"height\":501,\"caption\":\"CT Engineering Group\"},\"image\":{\"@id\":\"https:\\\/\\\/www.ctengineeringgroup.com\\\/fr\\\/#\\\/schema\\\/logo\\\/image\\\/\"},\"sameAs\":[\"https:\\\/\\\/www.linkedin.com\\\/company\\\/thectengineeringgroup\\\/\",\"https:\\\/\\\/www.youtube.com\\\/@thectengineeringgroup7161\"]}]}<\/script>\n<!-- \/ Yoast SEO plugin. -->","yoast_head_json":{"title":"CT Ingenieros colabora con Iberdrola para poner en marcha la Central Hidroel\u00e9ctrica de Valdeca\u00f1as - The CT Engineering Group","description":"CT Ingenieros e Iberdrola colaboran en la puesta en servicio de la Central Hidroel\u00e9ctrica de Valdeca\u00f1as (C\u00e1ceres).","robots":{"index":"index","follow":"follow","max-snippet":"max-snippet:-1","max-image-preview":"max-image-preview:large","max-video-preview":"max-video-preview:-1"},"canonical":"https:\/\/www.ctengineeringgroup.com\/es\/project\/ct-ingenieros-colabora-con-iberdrola-para-poner-en-marcha-la-central-hidroelectrica-de-valdecanas\/","og_locale":"es_ES","og_type":"article","og_title":"CT Ingenieros colabora con Iberdrola para poner en marcha la Central Hidroel\u00e9ctrica de Valdeca\u00f1as - The CT Engineering Group","og_description":"CT Ingenieros e Iberdrola colaboran en la puesta en servicio de la Central Hidroel\u00e9ctrica de Valdeca\u00f1as (C\u00e1ceres).","og_url":"https:\/\/www.ctengineeringgroup.com\/es\/project\/ct-ingenieros-colabora-con-iberdrola-para-poner-en-marcha-la-central-hidroelectrica-de-valdecanas\/","og_site_name":"The CT Engineering Group","article_modified_time":"2026-09-01T08:41:51+00:00","og_image":[{"width":1024,"height":768,"url":"https:\/\/www.ctengineeringgroup.com\/wp-content\/uploads\/2026\/07\/Hidroelectrica-valdecanas-1024x768.png","type":"image\/png"}],"twitter_card":"summary_large_image","twitter_misc":{"Tiempo de lectura":"4 minutos"},"schema":{"@context":"https:\/\/schema.org","@graph":[{"@type":"WebPage","@id":"https:\/\/www.ctengineeringgroup.com\/es\/project\/ct-ingenieros-colabora-con-iberdrola-para-poner-en-marcha-la-central-hidroelectrica-de-valdecanas\/","url":"https:\/\/www.ctengineeringgroup.com\/es\/project\/ct-ingenieros-colabora-con-iberdrola-para-poner-en-marcha-la-central-hidroelectrica-de-valdecanas\/","name":"CT Ingenieros colabora con Iberdrola para poner en marcha la Central Hidroel\u00e9ctrica de Valdeca\u00f1as - The CT Engineering Group","isPartOf":{"@id":"https:\/\/www.ctengineeringgroup.com\/fr\/#website"},"primaryImageOfPage":{"@id":"https:\/\/www.ctengineeringgroup.com\/es\/project\/ct-ingenieros-colabora-con-iberdrola-para-poner-en-marcha-la-central-hidroelectrica-de-valdecanas\/#primaryimage"},"image":{"@id":"https:\/\/www.ctengineeringgroup.com\/es\/project\/ct-ingenieros-colabora-con-iberdrola-para-poner-en-marcha-la-central-hidroelectrica-de-valdecanas\/#primaryimage"},"thumbnailUrl":"https:\/\/www.ctengineeringgroup.com\/wp-content\/uploads\/2026\/07\/Hidroelectrica-valdecanas.png","datePublished":"2026-09-01T08:41:16+00:00","dateModified":"2026-09-01T08:41:51+00:00","description":"CT Ingenieros e Iberdrola colaboran en la puesta en servicio de la Central Hidroel\u00e9ctrica de Valdeca\u00f1as (C\u00e1ceres).","breadcrumb":{"@id":"https:\/\/www.ctengineeringgroup.com\/es\/project\/ct-ingenieros-colabora-con-iberdrola-para-poner-en-marcha-la-central-hidroelectrica-de-valdecanas\/#breadcrumb"},"inLanguage":"es","potentialAction":[{"@type":"ReadAction","target":["https:\/\/www.ctengineeringgroup.com\/es\/project\/ct-ingenieros-colabora-con-iberdrola-para-poner-en-marcha-la-central-hidroelectrica-de-valdecanas\/"]}]},{"@type":"ImageObject","inLanguage":"es","@id":"https:\/\/www.ctengineeringgroup.com\/es\/project\/ct-ingenieros-colabora-con-iberdrola-para-poner-en-marcha-la-central-hidroelectrica-de-valdecanas\/#primaryimage","url":"https:\/\/www.ctengineeringgroup.com\/wp-content\/uploads\/2026\/07\/Hidroelectrica-valdecanas.png","contentUrl":"https:\/\/www.ctengineeringgroup.com\/wp-content\/uploads\/2026\/07\/Hidroelectrica-valdecanas.png","width":1448,"height":1086},{"@type":"BreadcrumbList","@id":"https:\/\/www.ctengineeringgroup.com\/es\/project\/ct-ingenieros-colabora-con-iberdrola-para-poner-en-marcha-la-central-hidroelectrica-de-valdecanas\/#breadcrumb","itemListElement":[{"@type":"ListItem","position":1,"name":"Portada","item":"https:\/\/www.ctengineeringgroup.com\/es\/"},{"@type":"ListItem","position":2,"name":"Projets","item":"https:\/\/www.ctengineeringgroup.com\/fr\/project\/"},{"@type":"ListItem","position":3,"name":"CT Ingenieros colabora con Iberdrola para poner en marcha la Central Hidroel\u00e9ctrica de Valdeca\u00f1as"}]},{"@type":"WebSite","@id":"https:\/\/www.ctengineeringgroup.com\/fr\/#website","url":"https:\/\/www.ctengineeringgroup.com\/fr\/","name":"CT Engineering Group","description":"","publisher":{"@id":"https:\/\/www.ctengineeringgroup.com\/fr\/#organization"},"potentialAction":[{"@type":"SearchAction","target":{"@type":"EntryPoint","urlTemplate":"https:\/\/www.ctengineeringgroup.com\/fr\/?s={search_term_string}"},"query-input":{"@type":"PropertyValueSpecification","valueRequired":true,"valueName":"search_term_string"}}],"inLanguage":"es"},{"@type":"Organization","@id":"https:\/\/www.ctengineeringgroup.com\/fr\/#organization","name":"CT Engineering Group","url":"https:\/\/www.ctengineeringgroup.com\/fr\/","logo":{"@type":"ImageObject","inLanguage":"es","@id":"https:\/\/www.ctengineeringgroup.com\/fr\/#\/schema\/logo\/image\/","url":"https:\/\/www.ctengineeringgroup.com\/wp-content\/uploads\/2023\/06\/Logo-CT-Solutions-positive-version.png","contentUrl":"https:\/\/www.ctengineeringgroup.com\/wp-content\/uploads\/2023\/06\/Logo-CT-Solutions-positive-version.png","width":1160,"height":501,"caption":"CT Engineering Group"},"image":{"@id":"https:\/\/www.ctengineeringgroup.com\/fr\/#\/schema\/logo\/image\/"},"sameAs":["https:\/\/www.linkedin.com\/company\/thectengineeringgroup\/","https:\/\/www.youtube.com\/@thectengineeringgroup7161"]}]}},"_links":{"self":[{"href":"https:\/\/www.ctengineeringgroup.com\/es\/wp-json\/wp\/v2\/project\/263233","targetHints":{"allow":["GET"]}}],"collection":[{"href":"https:\/\/www.ctengineeringgroup.com\/es\/wp-json\/wp\/v2\/project"}],"about":[{"href":"https:\/\/www.ctengineeringgroup.com\/es\/wp-json\/wp\/v2\/types\/project"}],"author":[{"embeddable":true,"href":"https:\/\/www.ctengineeringgroup.com\/es\/wp-json\/wp\/v2\/users\/10"}],"replies":[{"embeddable":true,"href":"https:\/\/www.ctengineeringgroup.com\/es\/wp-json\/wp\/v2\/comments?post=263233"}],"version-history":[{"count":5,"href":"https:\/\/www.ctengineeringgroup.com\/es\/wp-json\/wp\/v2\/project\/263233\/revisions"}],"predecessor-version":[{"id":264070,"href":"https:\/\/www.ctengineeringgroup.com\/es\/wp-json\/wp\/v2\/project\/263233\/revisions\/264070"}],"wp:featuredmedia":[{"embeddable":true,"href":"https:\/\/www.ctengineeringgroup.com\/es\/wp-json\/wp\/v2\/media\/263658"}],"wp:attachment":[{"href":"https:\/\/www.ctengineeringgroup.com\/es\/wp-json\/wp\/v2\/media?parent=263233"}],"wp:term":[{"taxonomy":"project_category","embeddable":true,"href":"https:\/\/www.ctengineeringgroup.com\/es\/wp-json\/wp\/v2\/project_category?post=263233"},{"taxonomy":"project_tag","embeddable":true,"href":"https:\/\/www.ctengineeringgroup.com\/es\/wp-json\/wp\/v2\/project_tag?post=263233"}],"curies":[{"name":"wp","href":"https:\/\/api.w.org\/{rel}","templated":true}]}}