{"id":263273,"date":"2026-09-01T09:41:16","date_gmt":"2026-09-01T08:41:16","guid":{"rendered":"https:\/\/www.ctengineeringgroup.com\/?post_type=project&#038;p=263273"},"modified":"2026-09-01T09:43:26","modified_gmt":"2026-09-01T08:43:26","slug":"ct-engineering-group-collabore-avec-iberdrola-pour-la-mise-en-service-de-la-centrale-hydroelectrique-de-valdecanas","status":"publish","type":"project","link":"https:\/\/www.ctengineeringgroup.com\/fr\/project\/ct-engineering-group-collabore-avec-iberdrola-pour-la-mise-en-service-de-la-centrale-hydroelectrique-de-valdecanas\/","title":{"rendered":"CT Engineering Group collabore avec Iberdrola \u00e0 la mise en service de la centrale hydro\u00e9lectrique de Valdeca\u00f1as"},"content":{"rendered":"<p>[et_pb_section fb_built=\u00a0\u00bb1&Prime; _builder_version=\u00a0\u00bb4.25.1&Prime; _module_preset=\u00a0\u00bbdefault\u00a0\u00bb background_color=\u00a0\u00bb#f7f7f7&Prime; background_image=\u00a0\u00bbhttps:\/\/www.ctengineeringgroup.com\/wp-content\/uploads\/2024\/06\/blanco_pequeno.png\u00a0\u00bb background_size=\u00a0\u00bbcustom\u00a0\u00bb background_image_width=\u00a0\u00bb0%\u00a0\u00bb background_position=\u00a0\u00bbtop_left\u00a0\u00bb background_horizontal_offset=\u00a0\u00bb-10%\u00a0\u00bb background_vertical_offset=\u00a0\u00bb-100%\u00a0\u00bb da_disable_devices=\u00a0\u00bboff|off|off\u00a0\u00bb global_colors_info=\u00a0\u00bb{}\u00a0\u00bb da_is_popup=\u00a0\u00bboff\u00a0\u00bb da_exit_intent=\u00a0\u00bboff\u00a0\u00bb da_has_close=\u00a0\u00bbon\u00a0\u00bb da_alt_close=\u00a0\u00bboff\u00a0\u00bb da_dark_close=\u00a0\u00bboff\u00a0\u00bb da_not_modal=\u00a0\u00bbon\u00a0\u00bb da_is_singular=\u00a0\u00bboff\u00a0\u00bb da_with_loader=\u00a0\u00bboff\u00a0\u00bb da_has_shadow=\u00a0\u00bbon\u00a0\u00bb][et_pb_row _builder_version=\u00a0\u00bb4.25.1&Prime; _module_preset=\u00a0\u00bbdefault\u00a0\u00bb global_colors_info=\u00a0\u00bb{}\u00a0\u00bb][et_pb_column type=\u00a0\u00bb4_4&Prime; _builder_version=\u00a0\u00bb4.25.1&Prime; _module_preset=\u00a0\u00bbdefault\u00a0\u00bb global_colors_info=\u00a0\u00bb{}\u00a0\u00bb][et_pb_text _builder_version=\u00a0\u00bb4.27.4&Prime; _dynamic_attributes=\u00a0\u00bbcontent\u00a0\u00bb _module_preset=\u00a0\u00bbdefault\u00a0\u00bb text_font=\u00a0\u00bbCtgroup Regular||||||||\u00a0\u00bb text_text_color=\u00a0\u00bb#01426a\u00a0\u00bb text_font_size=\u00a0\u00bb40px\u00a0\u00bb text_line_height=\u00a0\u00bb1.5em\u00a0\u00bb header_font=\u00a0\u00bbCtgroup Regular||||||||\u00a0\u00bb header_text_color=\u00a0\u00bb#01426a\u00a0\u00bb header_font_size=\u00a0\u00bb40px\u00a0\u00bb text_orientation=\u00a0\u00bbcenter\u00a0\u00bb text_font_size_tablet=\u00a0\u00bb32px\u00a0\u00bb text_font_size_phone=\u00a0\u00bb28px\u00a0\u00bb text_font_size_last_edited=\u00a0\u00bbon|tablet\u00a0\u00bb header_font_size_tablet=\u00a0\u00bb32px\u00a0\u00bb header_font_size_phone=\u00a0\u00bb28px\u00a0\u00bb header_font_size_last_edited=\u00a0\u00bbon|phone\u00a0\u00bb global_colors_info=\u00a0\u00bb{}\u00a0\u00bb]@ET-DC@eyJkeW5hbWljIjp0cnVlLCJjb250ZW50IjoicG9zdF90aXRsZSIsInNldHRpbmdzIjp7ImJlZm9yZSI6IiIsImFmdGVyIjoiIn19@[\/et_pb_text][\/et_pb_column][\/et_pb_row][\/et_pb_section][et_pb_section fb_built=\u00a0\u00bb1&Prime; _builder_version=\u00a0\u00bb4.27.7&Prime; _dynamic_attributes=\u00a0\u00bbbackground_image\u00a0\u00bb _module_preset=\u00a0\u00bbdefault\u00a0\u00bb background_image=\u00a0\u00bb@ET-DC@eyJkeW5hbWljIjp0cnVlLCJjb250ZW50IjoicG9zdF9mZWF0dXJlZF9pbWFnZSIsInNldHRpbmdzIjp7fX0=@\u00a0\u00bb width=\u00a0\u00bb70%\u00a0\u00bb module_alignment=\u00a0\u00bbcenter\u00a0\u00bb height=\u00a0\u00bb500px\u00a0\u00bb da_disable_devices=\u00a0\u00bboff|off|off\u00a0\u00bb global_colors_info=\u00a0\u00bb{}\u00a0\u00bb da_is_popup=\u00a0\u00bboff\u00a0\u00bb da_exit_intent=\u00a0\u00bboff\u00a0\u00bb da_has_close=\u00a0\u00bbon\u00a0\u00bb da_alt_close=\u00a0\u00bboff\u00a0\u00bb da_dark_close=\u00a0\u00bboff\u00a0\u00bb da_not_modal=\u00a0\u00bbon\u00a0\u00bb da_is_singular=\u00a0\u00bboff\u00a0\u00bb da_with_loader=\u00a0\u00bboff\u00a0\u00bb da_has_shadow=\u00a0\u00bbon\u00a0\u00bb][et_pb_row _builder_version=\u00a0\u00bb4.26.1&Prime; _module_preset=\u00a0\u00bbdefault\u00a0\u00bb global_colors_info=\u00a0\u00bb{}\u00a0\u00bb][et_pb_column type=\u00a0\u00bb4_4&Prime; _builder_version=\u00a0\u00bb4.26.1&Prime; _module_preset=\u00a0\u00bbdefault\u00a0\u00bb global_colors_info=\u00a0\u00bb{}\u00a0\u00bb][\/et_pb_column][\/et_pb_row][\/et_pb_section][et_pb_section fb_built=\u00a0\u00bb1&Prime; _builder_version=\u00a0\u00bb4.27.7&Prime; _module_preset=\u00a0\u00bbdefault\u00a0\u00bb da_disable_devices=\u00a0\u00bboff|off|off\u00a0\u00bb global_colors_info=\u00a0\u00bb{}\u00a0\u00bb da_is_popup=\u00a0\u00bboff\u00a0\u00bb da_exit_intent=\u00a0\u00bboff\u00a0\u00bb da_has_close=\u00a0\u00bbon\u00a0\u00bb da_alt_close=\u00a0\u00bboff\u00a0\u00bb da_dark_close=\u00a0\u00bboff\u00a0\u00bb da_not_modal=\u00a0\u00bbon\u00a0\u00bb da_is_singular=\u00a0\u00bboff\u00a0\u00bb da_with_loader=\u00a0\u00bboff\u00a0\u00bb da_has_shadow=\u00a0\u00bbon\u00a0\u00bb][et_pb_row _builder_version=\u00a0\u00bb4.27.7&Prime; _module_preset=\u00a0\u00bbdefault\u00a0\u00bb global_colors_info=\u00a0\u00bb{}\u00a0\u00bb][et_pb_column type=\u00a0\u00bb4_4&Prime; _builder_version=\u00a0\u00bb4.27.7&Prime; _module_preset=\u00a0\u00bbdefault\u00a0\u00bb global_colors_info=\u00a0\u00bb{}\u00a0\u00bb][et_pb_text _builder_version=\u00a0\u00bb4.27.7&Prime; _module_preset=\u00a0\u00bbdefault\u00a0\u00bb global_colors_info=\u00a0\u00bb{}\u00a0\u00bb]<\/p>\n<p style=\"text-align: justify;\">La centrale hydro\u00e9lectrique de Valdeca\u00f1as, situ\u00e9e sur le r\u00e9servoir de Valdeca\u00f1as, dans la province de C\u00e1ceres (Estr\u00e9madure), <a href=\"https:\/\/www.iberdrolaespana.com\/press-room\/news\/detail\/commissioning-valdecanas-pumped-storage-hydroelectric-power-station\">est une installation de production et de stockage d\u2019\u00e9nergie de type STEP (station de transfert d\u2019\u00e9nergie par pompage), exploit\u00e9e par Iberdrola.<\/a> La mise en service de son projet de modernisation et de restauration de capacit\u00e9 a r\u00e9cemment d\u00e9but\u00e9.<\/p>\n<p style=\"text-align: justify;\">L\u2019installation comprend trois groupes de production r\u00e9partis comme suit:<\/p>\n<ul style=\"text-align: justify;\">\n<li><strong>Groupe 1 (G1):<\/strong> puissance install\u00e9e d\u2019environ 82,79 MW.<\/li>\n<li><strong>Groupe 2 (G2):<\/strong> puissance install\u00e9e d\u2019environ 82,35 MW.<\/li>\n<li><strong>Groupe 3 (G3):<\/strong> puissance install\u00e9e d\u2019environ 82,03 MW.<\/li>\n<\/ul>\n<p style=\"text-align: justify;\">L\u2019ensemble de ces trois groupes de production repr\u00e9sente une puissance hydro\u00e9lectrique totale d\u2019environ <strong>247,17 MW<\/strong> lorsque tous les groupes fonctionnent en configuration conventionnelle, en produisant de l\u2019\u00e9lectricit\u00e9 gr\u00e2ce \u00e0 la hauteur de chute hydraulique du r\u00e9servoir.<\/p>\n<p style=\"text-align: justify;\">En compl\u00e9ment, la centrale int\u00e8gre un syst\u00e8me de stockage d\u2019\u00e9nergie par batteries (BESS) d\u2019une puissance de 15 MW et d\u2019une capacit\u00e9 de stockage de 7,5 MWh, destin\u00e9 \u00e0 am\u00e9liorer la flexibilit\u00e9 d\u2019exploitation, \u00e0 faciliter la gestion des courbes de consommation et de demande, et \u00e0 permettre une int\u00e9gration plus efficace des sources d\u2019\u00e9nergie renouvelable.<\/p>\n<p style=\"text-align: justify;\">Dans son ensemble, la puissance install\u00e9e de la centrale, incluant les trois groupes de production ainsi que le syst\u00e8me compl\u00e9mentaire de stockage d\u2019\u00e9nergie, atteint environ <strong>225 MW<\/strong> de capacit\u00e9 op\u00e9rationnelle en configuration de STEP (pompage-turbinage), permettant \u00e0 la fois la production et le stockage d\u2019\u00e9nergie en fonction des besoins du r\u00e9seau \u00e9lectrique. Cette configuration technique, associant trois groupes de production \u00e0 un syst\u00e8me hybride de stockage, fait de Valdeca\u00f1as une installation strat\u00e9gique du syst\u00e8me \u00e9nerg\u00e9tique espagnol. Elle permet de maximiser la production d\u2019\u00e9nergie renouvelable, d\u2019\u00e9quilibrer la demande en \u00e9lectricit\u00e9 et de fournir des services de stabilit\u00e9 au r\u00e9seau, des \u00e9l\u00e9ments essentiels pour accompagner la transition \u00e9nerg\u00e9tique vers un mod\u00e8le reposant sur une plus forte int\u00e9gration des \u00e9nergies propres.<\/p>\n<p>[\/et_pb_text][\/et_pb_column][\/et_pb_row][\/et_pb_section][et_pb_section fb_built=\u00a0\u00bb1&Prime; _builder_version=\u00a0\u00bb4.26.1&Prime; _module_preset=\u00a0\u00bbdefault\u00a0\u00bb custom_margin=\u00a0\u00bb0px||||false|false\u00a0\u00bb custom_padding=\u00a0\u00bb0px||||false|false\u00a0\u00bb da_disable_devices=\u00a0\u00bboff|off|off\u00a0\u00bb global_colors_info=\u00a0\u00bb{}\u00a0\u00bb da_is_popup=\u00a0\u00bboff\u00a0\u00bb da_exit_intent=\u00a0\u00bboff\u00a0\u00bb da_has_close=\u00a0\u00bbon\u00a0\u00bb da_alt_close=\u00a0\u00bboff\u00a0\u00bb da_dark_close=\u00a0\u00bboff\u00a0\u00bb da_not_modal=\u00a0\u00bbon\u00a0\u00bb da_is_singular=\u00a0\u00bboff\u00a0\u00bb da_with_loader=\u00a0\u00bboff\u00a0\u00bb da_has_shadow=\u00a0\u00bbon\u00a0\u00bb][et_pb_row _builder_version=\u00a0\u00bb4.27.7&Prime; _module_preset=\u00a0\u00bbdefault\u00a0\u00bb global_colors_info=\u00a0\u00bb{}\u00a0\u00bb][et_pb_column type=\u00a0\u00bb4_4&Prime; _builder_version=\u00a0\u00bb4.27.7&Prime; _module_preset=\u00a0\u00bbdefault\u00a0\u00bb global_colors_info=\u00a0\u00bb{}\u00a0\u00bb][et_pb_image src=\u00a0\u00bbhttps:\/\/www.ctengineeringgroup.com\/wp-content\/uploads\/2026\/07\/foto_original-_CAMBIAR-FOTO-SOLO-AQUI_.webp\u00a0\u00bb title_text=\u00a0\u00bbfoto_original-_CAMBIAR-FOTO-SOLO-AQUI_\u00a0\u00bb _builder_version=\u00a0\u00bb4.27.7&Prime; _module_preset=\u00a0\u00bbdefault\u00a0\u00bb width=\u00a0\u00bb80%\u00a0\u00bb module_alignment=\u00a0\u00bbcenter\u00a0\u00bb global_colors_info=\u00a0\u00bb{}\u00a0\u00bb][\/et_pb_image][\/et_pb_column][\/et_pb_row][et_pb_row _builder_version=\u00a0\u00bb4.27.7&Prime; _module_preset=\u00a0\u00bbdefault\u00a0\u00bb global_colors_info=\u00a0\u00bb{}\u00a0\u00bb][et_pb_column type=\u00a0\u00bb4_4&Prime; _builder_version=\u00a0\u00bb4.27.7&Prime; _module_preset=\u00a0\u00bbdefault\u00a0\u00bb global_colors_info=\u00a0\u00bb{}\u00a0\u00bb][et_pb_text _builder_version=\u00a0\u00bb4.27.7&Prime; _module_preset=\u00a0\u00bbdefault\u00a0\u00bb global_colors_info=\u00a0\u00bb{}\u00a0\u00bb]<\/p>\n<p style=\"text-align: justify;\">Dans le cadre de ce projet, <strong>CT Engineering Group<\/strong> a jou\u00e9 un r\u00f4le cl\u00e9 dans le d\u00e9veloppement technique et la mise en service de l\u2019installation, en intervenant \u00e0 la fois sur l\u2019ing\u00e9nierie li\u00e9e au fonctionnement en mode pompage-turbinage et sur les phases d\u2019accompagnement \u00e0 la mise en service des groupes de production.<\/p>\n<p style=\"text-align: justify;\">Notre contribution a port\u00e9 sur la d\u00e9finition et la validation des sch\u00e9mas \u00e9lectriques et de contr\u00f4le n\u00e9cessaires au fonctionnement r\u00e9versible de la centrale, ainsi que sur la v\u00e9rification des logiques fonctionnelles, des syst\u00e8mes de protection et des s\u00e9quences d\u2019exploitation critiques afin de garantir le bon fonctionnement du syst\u00e8me de pompage. Au cours de la phase de mise en service, nos \u00e9quipes ont \u00e9galement assur\u00e9 une assistance technique sur site, en \u00e9troite collaboration avec Iberdrola et l\u2019ensemble des parties prenantes, afin de garantir la bonne int\u00e9gration des syst\u00e8mes, le respect des exigences op\u00e9rationnelles et la fiabilit\u00e9 globale de l\u2019installation.<\/p>\n<p style=\"text-align: justify;\">Gr\u00e2ce \u00e0 cette participation, <strong>CT<\/strong> a contribu\u00e9 \u00e0 la mise en service s\u00fbre et efficace d\u2019une infrastructure strat\u00e9gique pour le syst\u00e8me \u00e9lectrique espagnol, tout en renfor\u00e7ant son expertise dans les projets hydro\u00e9lectriques de haute complexit\u00e9 et les solutions avanc\u00e9es de stockage d\u2019\u00e9nergie.<\/p>\n<p style=\"text-align: justify;\">Cette participation au projet de Valdeca\u00f1as vient s\u2019ajouter \u00e0 notre collaboration avec Iberdrola sur plus de vingt centrales hydro\u00e9lectriques au cours des cinq derni\u00e8res ann\u00e9es, consolidant ainsi un parcours fond\u00e9 sur la fourniture de solutions d\u2019ing\u00e9nierie sp\u00e9cialis\u00e9es pour les infrastructures critiques du secteur de l\u2019\u00e9nergie.<\/p>\n<p>[\/et_pb_text][\/et_pb_column][\/et_pb_row][et_pb_row column_structure=\u00a0\u00bb1_2,1_2&Prime; _builder_version=\u00a0\u00bb4.27.7&Prime; _module_preset=\u00a0\u00bbdefault\u00a0\u00bb global_colors_info=\u00a0\u00bb{}\u00a0\u00bb][et_pb_column type=\u00a0\u00bb1_2&Prime; _builder_version=\u00a0\u00bb4.27.7&Prime; _module_preset=\u00a0\u00bbdefault\u00a0\u00bb global_colors_info=\u00a0\u00bb{}\u00a0\u00bb][et_pb_image src=\u00a0\u00bbhttps:\/\/www.ctengineeringgroup.com\/wp-content\/uploads\/2026\/07\/AF-Logo-CT_TAGLINE_CMYK-scaled.jpg\u00a0\u00bb title_text=\u00a0\u00bbAF Logo CT_TAGLINE_CMYK\u00a0\u00bb _builder_version=\u00a0\u00bb4.27.7&Prime; _module_preset=\u00a0\u00bbdefault\u00a0\u00bb width=\u00a0\u00bb41%\u00a0\u00bb module_alignment=\u00a0\u00bbright\u00a0\u00bb global_colors_info=\u00a0\u00bb{}\u00a0\u00bb][\/et_pb_image][\/et_pb_column][et_pb_column type=\u00a0\u00bb1_2&Prime; _builder_version=\u00a0\u00bb4.27.7&Prime; _module_preset=\u00a0\u00bbdefault\u00a0\u00bb global_colors_info=\u00a0\u00bb{}\u00a0\u00bb][et_pb_image src=\u00a0\u00bbhttps:\/\/www.ctengineeringgroup.com\/wp-content\/uploads\/2026\/07\/logo-iberdrola-espana.png\u00a0\u00bb title_text=\u00a0\u00bblogo-iberdrola espa\u00f1a\u00a0\u00bb _builder_version=\u00a0\u00bb4.27.7&Prime; _module_preset=\u00a0\u00bbdefault\u00a0\u00bb global_colors_info=\u00a0\u00bb{}\u00a0\u00bb][\/et_pb_image][\/et_pb_column][\/et_pb_row][\/et_pb_section][et_pb_section fb_built=\u00a0\u00bb1&Prime; disabled_on=\u00a0\u00bboff|off|off\u00a0\u00bb module_id=\u00a0\u00bbeng-footer\u00a0\u00bb _builder_version=\u00a0\u00bb4.26.1&Prime; _module_preset=\u00a0\u00bbdefault\u00a0\u00bb background_color=\u00a0\u00bb#00558c\u00a0\u00bb module_alignment=\u00a0\u00bbcenter\u00a0\u00bb da_disable_devices=\u00a0\u00bboff|off|off\u00a0\u00bb global_colors_info=\u00a0\u00bb{}\u00a0\u00bb da_is_popup=\u00a0\u00bboff\u00a0\u00bb da_exit_intent=\u00a0\u00bboff\u00a0\u00bb da_has_close=\u00a0\u00bbon\u00a0\u00bb da_alt_close=\u00a0\u00bboff\u00a0\u00bb da_dark_close=\u00a0\u00bboff\u00a0\u00bb da_not_modal=\u00a0\u00bbon\u00a0\u00bb da_is_singular=\u00a0\u00bboff\u00a0\u00bb da_with_loader=\u00a0\u00bboff\u00a0\u00bb da_has_shadow=\u00a0\u00bbon\u00a0\u00bb][et_pb_row column_structure=\u00a0\u00bb1_6,1_6,1_6,1_6,1_6,1_6&Prime; _builder_version=\u00a0\u00bb4.20.2&Prime; _module_preset=\u00a0\u00bbdefault\u00a0\u00bb global_colors_info=\u00a0\u00bb{}\u00a0\u00bb][et_pb_column type=\u00a0\u00bb1_6&Prime; _builder_version=\u00a0\u00bb4.20.2&Prime; _module_preset=\u00a0\u00bbdefault\u00a0\u00bb global_colors_info=\u00a0\u00bb{}\u00a0\u00bb][et_pb_image src=\u00a0\u00bbhttps:\/\/www.ctengineeringgroup.com\/wp-content\/uploads\/2024\/07\/Logo-ct.svg\u00a0\u00bb title_text=\u00a0\u00bbLogo-ct\u00a0\u00bb _builder_version=\u00a0\u00bb4.26.1&Prime; _module_preset=\u00a0\u00bbdefault\u00a0\u00bb global_colors_info=\u00a0\u00bb{}\u00a0\u00bb][\/et_pb_image][\/et_pb_column][et_pb_column type=\u00a0\u00bb1_6&Prime; _builder_version=\u00a0\u00bb4.20.2&Prime; _module_preset=\u00a0\u00bbdefault\u00a0\u00bb global_colors_info=\u00a0\u00bb{}\u00a0\u00bb][et_pb_text _builder_version=\u00a0\u00bb4.27.4&Prime; _module_preset=\u00a0\u00bbdefault\u00a0\u00bb text_font=\u00a0\u00bbCtgroup Regular||||||||\u00a0\u00bb background_layout=\u00a0\u00bbdark\u00a0\u00bb global_colors_info=\u00a0\u00bb{}\u00a0\u00bb]<\/p>\n<p style=\"font-size: 20px; font-family: 'Aktiv Grotesk'; color: #ffffff; text-align: left;\"><b>SOBRE CT<\/b><\/p>\n<p>[\/et_pb_text][et_pb_text _builder_version=\u00a0\u00bb4.26.1&Prime; _module_preset=\u00a0\u00bbdefault\u00a0\u00bb text_font=\u00a0\u00bbCtgroup Regular||||||||\u00a0\u00bb text_text_color=\u00a0\u00bb#ffffff\u00a0\u00bb background_layout=\u00a0\u00bbdark\u00a0\u00bb global_colors_info=\u00a0\u00bb{}\u00a0\u00bb]<\/p>\n<p style=\"text-align: left;\"><a href=\"https:\/\/www.ctengineeringgroup.com\/fr\/about-us\/\"> Sobre nosotros <\/a><br \/><a href=\"https:\/\/www.ctengineeringgroup.com\/fr\/innovation\/\"> Innovaci\u00f3n <\/a><br \/><a href=\"https:\/\/www.ctengineeringgroup.com\/fr\/actualites\/\"> Noticias<\/a><br \/><a href=\"https:\/\/www.ctengineeringgroup.com\/fr\/fr-carrieres\/\"> Talento<\/a><br \/><a href=\"https:\/\/www.ctengineeringgroup.com\/fr\/quality\/\"> Certificados<\/a><br \/><a href=\"https:\/\/www.ctengineeringgroup.com\/fr\/contact-us\/\"> Contacto <\/a><\/p>\n<p>[\/et_pb_text][\/et_pb_column][et_pb_column type=\u00a0\u00bb1_6&Prime; _builder_version=\u00a0\u00bb4.21.0&Prime; _module_preset=\u00a0\u00bbdefault\u00a0\u00bb global_colors_info=\u00a0\u00bb{}\u00a0\u00bb][et_pb_text _builder_version=\u00a0\u00bb4.26.1&Prime; _module_preset=\u00a0\u00bbdefault\u00a0\u00bb text_font=\u00a0\u00bbCtgroup Regular||||||||\u00a0\u00bb background_layout=\u00a0\u00bbdark\u00a0\u00bb global_colors_info=\u00a0\u00bb{}\u00a0\u00bb]<\/p>\n<p style=\"font-size: 20px; font-family: 'Aktiv Grotesk'; color: #ffffff; text-align: left;\"><b>INDUSTRIAS<\/b><\/p>\n<p>[\/et_pb_text][et_pb_text _builder_version=\u00a0\u00bb4.26.1&Prime; _module_preset=\u00a0\u00bbdefault\u00a0\u00bb global_colors_info=\u00a0\u00bb{}\u00a0\u00bb]<\/p>\n<p style=\"text-align: left;\"><a href=\"https:\/\/www.ctengineeringgroup.com\/fr\/industries\/aeronautique\/\">Aeron\u00e1utica <\/a><br \/>\n<a href=\"https:\/\/www.ctengineeringgroup.com\/fr\/industries\/space\/\">Espacio <\/a><br \/>\n<a href=\"https:\/\/www.ctengineeringgroup.com\/fr\/industries\/automotive\/\">Automoci\u00f3n <\/a><br \/>\n<a href=\"https:\/\/www.ctengineeringgroup.com\/fr\/industries\/railway\/\">Ferroviario <\/a><br \/>\n<a href=\"https:\/\/www.ctengineeringgroup.com\/fr\/industries\/naval\/\">Naval <\/a><br \/>\n<a href=\"https:\/\/www.ctengineeringgroup.com\/fr\/industries\/defense\/\">Defensa <\/a><br \/>\n<a href=\"https:\/\/www.ctengineeringgroup.com\/fr\/industries\/industrial-plants\/\">Plantas industriales <\/a><br \/>\n<a href=\"https:\/\/www.ctengineeringgroup.com\/es\/industrias\/renovables\/\">Energ\u00eda <\/a><\/p>\n<p>[\/et_pb_text][\/et_pb_column][et_pb_column type=\u00a0\u00bb1_6&Prime; _builder_version=\u00a0\u00bb4.20.2&Prime; _module_preset=\u00a0\u00bbdefault\u00a0\u00bb global_colors_info=\u00a0\u00bb{}\u00a0\u00bb][et_pb_text _builder_version=\u00a0\u00bb4.26.1&Prime; _module_preset=\u00a0\u00bbdefault\u00a0\u00bb text_font=\u00a0\u00bbCtgroup Regular||||||||\u00a0\u00bb background_layout=\u00a0\u00bbdark\u00a0\u00bb global_colors_info=\u00a0\u00bb{}\u00a0\u00bb]<\/p>\n<p style=\"font-size: 20px; font-family: 'Aktiv Grotesk'; color: #ffffff; text-align: left;\"><b>SERVICIOS<\/b><\/p>\n<p>[\/et_pb_text][et_pb_text _builder_version=\u00a0\u00bb4.26.1&Prime; _module_preset=\u00a0\u00bbdefault\u00a0\u00bb global_colors_info=\u00a0\u00bb{}\u00a0\u00bb]<\/p>\n<p style=\"text-align: left;\"><a href=\"https:\/\/www.ctengineeringgroup.com\/fr\/services\/digital-transformation\/\">Transformaci\u00f3n Digital<\/a><br \/><a href=\"https:\/\/www.ctengineeringgroup.com\/fr\/services\/engineering\/\">Ingenier\u00eda<\/a><br \/><a href=\"https:\/\/www.ctengineeringgroup.com\/fr\/services\/software-development\/\">Desarrollo de Software<\/a><br \/><a href=\"https:\/\/www.ctengineeringgroup.com\/fr\/services\/training\/\">Formaci\u00f3n<\/a><a href=\"https:\/\/www.ctengineeringgroup.com\/desarrollos-especificos\/\"><\/a><\/p>\n<p>[\/et_pb_text][\/et_pb_column][et_pb_column type=\u00a0\u00bb1_6&Prime; _builder_version=\u00a0\u00bb4.20.2&Prime; _module_preset=\u00a0\u00bbdefault\u00a0\u00bb global_colors_info=\u00a0\u00bb{}\u00a0\u00bb][et_pb_text _builder_version=\u00a0\u00bb4.26.1&Prime; _module_preset=\u00a0\u00bbdefault\u00a0\u00bb text_font=\u00a0\u00bbCtgroup Regular||||||||\u00a0\u00bb background_layout=\u00a0\u00bbdark\u00a0\u00bb global_colors_info=\u00a0\u00bb{}\u00a0\u00bb]<\/p>\n<p style=\"font-size: 20px; font-family: 'Aktiv Grotesk'; color: #ffffff; text-align: left;\"><b>LEGAL<\/b><\/p>\n<p>[\/et_pb_text][et_pb_text _builder_version=\u00a0\u00bb4.26.1&Prime; _module_preset=\u00a0\u00bbdefault\u00a0\u00bb global_colors_info=\u00a0\u00bb{}\u00a0\u00bb]<\/p>\n<p style=\"text-align: left;\"><a href=\"https:\/\/www.ctengineeringgroup.com\/fr\/politique-de-confidentialite\/\">Pol\u00edtica de Privacidad<\/a><br \/>\n<a href=\"https:\/\/www.ctengineeringgroup.com\/fr\/conditions-generales-dutilisation\/\">T\u00e9rminos de uso<\/a><br \/>\n<a href=\"https:\/\/www.ctengineeringgroup.com\/fr\/politique-de-cookies\/\">Pol\u00edtica de cookies<\/a><br \/>\n<a href=\"https:\/\/www.ctengineeringgroup.com\/fr\/mentions-legales\/\">Aviso Legal<\/a><br \/>\n<a href=\"https:\/\/canaldenuncia.com\/@CT_INGENIEROS\/informar\"> Denuncias<\/a><\/p>\n<p>[\/et_pb_text][\/et_pb_column][et_pb_column type=\u00a0\u00bb1_6&Prime; _builder_version=\u00a0\u00bb4.20.2&Prime; _module_preset=\u00a0\u00bbdefault\u00a0\u00bb global_colors_info=\u00a0\u00bb{}\u00a0\u00bb][et_pb_text _builder_version=\u00a0\u00bb4.26.1&Prime; _module_preset=\u00a0\u00bbdefault\u00a0\u00bb text_font=\u00a0\u00bbCtgroup Regular||||||||\u00a0\u00bb background_layout=\u00a0\u00bbdark\u00a0\u00bb global_colors_info=\u00a0\u00bb{}\u00a0\u00bb]<\/p>\n<p style=\"font-size: 20px; font-family: 'Aktiv Grotesk'; color: #ffffff; text-align: left;\"><b>SOCIAL MEDIA<\/b><\/p>\n<p>[\/et_pb_text][et_pb_social_media_follow use_icon_font_size=\u00a0\u00bbon\u00a0\u00bb _builder_version=\u00a0\u00bb4.27.5&Prime; _module_preset=\u00a0\u00bbdefault\u00a0\u00bb text_orientation=\u00a0\u00bbleft\u00a0\u00bb custom_margin=\u00a0\u00bb||||false|false\u00a0\u00bb custom_padding=\u00a0\u00bb||||false|false\u00a0\u00bb global_colors_info=\u00a0\u00bb{}\u00a0\u00bb][et_pb_social_media_follow_network social_network=\u00a0\u00bblinkedin\u00a0\u00bb url=\u00a0\u00bbhttps:\/\/www.linkedin.com\/company\/thectengineeringgroup\/posts\/?feedView=all\u00a0\u00bb icon_color=\u00a0\u00bb#F2A900&Prime; use_icon_font_size=\u00a0\u00bbon\u00a0\u00bb icon_font_size=\u00a0\u00bb24px\u00a0\u00bb _builder_version=\u00a0\u00bb4.27.4&Prime; _module_preset=\u00a0\u00bbdefault\u00a0\u00bb background_enable_color=\u00a0\u00bboff\u00a0\u00bb custom_margin=\u00a0\u00bb|-14px||-14px|false|false\u00a0\u00bb custom_padding=\u00a0\u00bb|0px|||false|false\u00a0\u00bb global_colors_info=\u00a0\u00bb{}\u00a0\u00bb follow_button=\u00a0\u00bboff\u00a0\u00bb url_new_window=\u00a0\u00bbon\u00a0\u00bb]linkedin[\/et_pb_social_media_follow_network][et_pb_social_media_follow_network social_network=\u00a0\u00bbyoutube\u00a0\u00bb url=\u00a0\u00bbhttps:\/\/www.youtube.com\/@thectengineeringgroup\/featured\u00a0\u00bb icon_color=\u00a0\u00bb#f2a900&Prime; use_icon_font_size=\u00a0\u00bbon\u00a0\u00bb icon_font_size=\u00a0\u00bb25px\u00a0\u00bb _builder_version=\u00a0\u00bb4.27.5&Prime; _module_preset=\u00a0\u00bbdefault\u00a0\u00bb background_color=\u00a0\u00bbRGBA(255,255,255,0)\u00a0\u00bb background_enable_color=\u00a0\u00bbon\u00a0\u00bb global_colors_info=\u00a0\u00bb{}\u00a0\u00bb follow_button=\u00a0\u00bboff\u00a0\u00bb url_new_window=\u00a0\u00bbon\u00a0\u00bb]youtube[\/et_pb_social_media_follow_network][\/et_pb_social_media_follow][\/et_pb_column][\/et_pb_row][et_pb_row _builder_version=\u00a0\u00bb4.23.1&Prime; _module_preset=\u00a0\u00bbdefault\u00a0\u00bb width=\u00a0\u00bb95%\u00a0\u00bb max_width=\u00a0\u00bb1980px\u00a0\u00bb custom_margin=\u00a0\u00bb0px||0px||false|false\u00a0\u00bb custom_padding=\u00a0\u00bb0px||0px||false|false\u00a0\u00bb global_colors_info=\u00a0\u00bb{}\u00a0\u00bb][et_pb_column type=\u00a0\u00bb4_4&Prime; _builder_version=\u00a0\u00bb4.23.1&Prime; _module_preset=\u00a0\u00bbdefault\u00a0\u00bb global_colors_info=\u00a0\u00bb{}\u00a0\u00bb][et_pb_text _builder_version=\u00a0\u00bb4.26.1&Prime; _module_preset=\u00a0\u00bbdefault\u00a0\u00bb text_text_color=\u00a0\u00bb#ffffff\u00a0\u00bb text_font_size=\u00a0\u00bb12px\u00a0\u00bb global_colors_info=\u00a0\u00bb{}\u00a0\u00bb]<\/p>\n<p style=\"text-align: center;\">\u00a92024 ctengineeringgroup.com All right reserved.<\/p>\n<p>[\/et_pb_text][\/et_pb_column][\/et_pb_row][\/et_pb_section]<\/p>\n","protected":false},"excerpt":{"rendered":"<p>La centrale hydro\u00e9lectrique de Valdeca\u00f1as, situ\u00e9e sur le r\u00e9servoir de Valdeca\u00f1as, dans la province de C\u00e1ceres (Estr\u00e9madure), est une installation de production et de stockage d\u2019\u00e9nergie de type STEP (station de transfert d\u2019\u00e9nergie par pompage), exploit\u00e9e par Iberdrola. La mise en service de son projet de modernisation et de restauration de capacit\u00e9 a r\u00e9cemment d\u00e9but\u00e9. L\u2019installation comprend trois groupes de production r\u00e9partis comme suit: Groupe 1 (G1): puissance install\u00e9e d\u2019environ 82,79 MW. Groupe 2 (G2): puissance install\u00e9e d\u2019environ 82,35 MW. Groupe 3 (G3): puissance install\u00e9e d\u2019environ 82,03 MW. L\u2019ensemble de ces trois groupes de production repr\u00e9sente une puissance hydro\u00e9lectrique totale d\u2019environ 247,17 MW lorsque tous les groupes fonctionnent en configuration conventionnelle, en produisant de l\u2019\u00e9lectricit\u00e9 gr\u00e2ce \u00e0 la hauteur de chute hydraulique du r\u00e9servoir. En compl\u00e9ment, la centrale int\u00e8gre un syst\u00e8me de stockage d\u2019\u00e9nergie par batteries (BESS) d\u2019une puissance de 15 MW et d\u2019une capacit\u00e9 de stockage de 7,5 MWh, destin\u00e9 \u00e0 am\u00e9liorer la flexibilit\u00e9 d\u2019exploitation, \u00e0 faciliter la gestion des courbes de consommation et de demande, et \u00e0 permettre une int\u00e9gration plus efficace des sources d\u2019\u00e9nergie renouvelable. Dans son ensemble, la puissance install\u00e9e de la centrale, incluant les trois groupes de production ainsi que le syst\u00e8me compl\u00e9mentaire de stockage [&hellip;]<\/p>\n","protected":false},"author":10,"featured_media":263660,"comment_status":"closed","ping_status":"closed","template":"","meta":{"_et_pb_use_builder":"on","_et_pb_old_content":"","_et_gb_content_width":"","footnotes":""},"project_category":[145,146],"project_tag":[],"class_list":["post-263273","project","type-project","status-publish","has-post-thumbnail","hentry","project_category-energy-fr","project_category-engineering-fr"],"yoast_head":"<!-- This site is optimized with the Yoast SEO plugin v28.4 - https:\/\/yoast.com\/product\/yoast-seo-wordpress\/ -->\n<title>CT Engineering Group collabore avec Iberdrola \u00e0 la mise en service de la centrale hydro\u00e9lectrique de Valdeca\u00f1as - The CT Engineering Group<\/title>\n<meta name=\"description\" content=\"CT Engineering Group et Iberdrola collaborent \u00e0 la mise en service de la centrale hydro\u00e9lectrique de Valdeca\u00f1as (C\u00e1ceres).\" \/>\n<meta name=\"robots\" content=\"index, follow, max-snippet:-1, max-image-preview:large, max-video-preview:-1\" \/>\n<link rel=\"canonical\" href=\"https:\/\/www.ctengineeringgroup.com\/fr\/project\/ct-engineering-group-collabore-avec-iberdrola-pour-la-mise-en-service-de-la-centrale-hydroelectrique-de-valdecanas\/\" \/>\n<meta property=\"og:locale\" content=\"fr_FR\" \/>\n<meta property=\"og:type\" content=\"article\" \/>\n<meta property=\"og:title\" content=\"CT Engineering Group collabore avec Iberdrola \u00e0 la mise en service de la centrale hydro\u00e9lectrique de Valdeca\u00f1as - The CT Engineering Group\" \/>\n<meta property=\"og:description\" content=\"CT Engineering Group et Iberdrola collaborent \u00e0 la mise en service de la centrale hydro\u00e9lectrique de Valdeca\u00f1as (C\u00e1ceres).\" \/>\n<meta property=\"og:url\" content=\"https:\/\/www.ctengineeringgroup.com\/fr\/project\/ct-engineering-group-collabore-avec-iberdrola-pour-la-mise-en-service-de-la-centrale-hydroelectrique-de-valdecanas\/\" \/>\n<meta property=\"og:site_name\" content=\"The CT Engineering Group\" \/>\n<meta property=\"article:modified_time\" content=\"2026-09-01T08:43:26+00:00\" \/>\n<meta property=\"og:image\" content=\"https:\/\/www.ctengineeringgroup.com\/wp-content\/uploads\/2026\/07\/Hidroelectrica-valdecanas-1024x768.png\" \/>\n\t<meta property=\"og:image:width\" content=\"1024\" \/>\n\t<meta property=\"og:image:height\" content=\"768\" \/>\n\t<meta property=\"og:image:type\" content=\"image\/png\" \/>\n<meta name=\"twitter:card\" content=\"summary_large_image\" \/>\n<meta name=\"twitter:label1\" content=\"Dur\u00e9e de lecture estim\u00e9e\" \/>\n\t<meta name=\"twitter:data1\" content=\"4 minutes\" \/>\n<script type=\"application\/ld+json\" class=\"yoast-schema-graph\">{\"@context\":\"https:\\\/\\\/schema.org\",\"@graph\":[{\"@type\":\"WebPage\",\"@id\":\"https:\\\/\\\/www.ctengineeringgroup.com\\\/fr\\\/project\\\/ct-engineering-group-collabore-avec-iberdrola-pour-la-mise-en-service-de-la-centrale-hydroelectrique-de-valdecanas\\\/\",\"url\":\"https:\\\/\\\/www.ctengineeringgroup.com\\\/fr\\\/project\\\/ct-engineering-group-collabore-avec-iberdrola-pour-la-mise-en-service-de-la-centrale-hydroelectrique-de-valdecanas\\\/\",\"name\":\"CT Engineering Group collabore avec Iberdrola \u00e0 la mise en service de la centrale hydro\u00e9lectrique de Valdeca\u00f1as - The CT Engineering Group\",\"isPartOf\":{\"@id\":\"https:\\\/\\\/www.ctengineeringgroup.com\\\/fr\\\/#website\"},\"primaryImageOfPage\":{\"@id\":\"https:\\\/\\\/www.ctengineeringgroup.com\\\/fr\\\/project\\\/ct-engineering-group-collabore-avec-iberdrola-pour-la-mise-en-service-de-la-centrale-hydroelectrique-de-valdecanas\\\/#primaryimage\"},\"image\":{\"@id\":\"https:\\\/\\\/www.ctengineeringgroup.com\\\/fr\\\/project\\\/ct-engineering-group-collabore-avec-iberdrola-pour-la-mise-en-service-de-la-centrale-hydroelectrique-de-valdecanas\\\/#primaryimage\"},\"thumbnailUrl\":\"https:\\\/\\\/www.ctengineeringgroup.com\\\/wp-content\\\/uploads\\\/2026\\\/07\\\/Hidroelectrica-valdecanas.png\",\"datePublished\":\"2026-09-01T08:41:16+00:00\",\"dateModified\":\"2026-09-01T08:43:26+00:00\",\"description\":\"CT Engineering Group et Iberdrola collaborent \u00e0 la mise en service de la centrale hydro\u00e9lectrique de Valdeca\u00f1as (C\u00e1ceres).\",\"breadcrumb\":{\"@id\":\"https:\\\/\\\/www.ctengineeringgroup.com\\\/fr\\\/project\\\/ct-engineering-group-collabore-avec-iberdrola-pour-la-mise-en-service-de-la-centrale-hydroelectrique-de-valdecanas\\\/#breadcrumb\"},\"inLanguage\":\"fr-FR\",\"potentialAction\":[{\"@type\":\"ReadAction\",\"target\":[\"https:\\\/\\\/www.ctengineeringgroup.com\\\/fr\\\/project\\\/ct-engineering-group-collabore-avec-iberdrola-pour-la-mise-en-service-de-la-centrale-hydroelectrique-de-valdecanas\\\/\"]}]},{\"@type\":\"ImageObject\",\"inLanguage\":\"fr-FR\",\"@id\":\"https:\\\/\\\/www.ctengineeringgroup.com\\\/fr\\\/project\\\/ct-engineering-group-collabore-avec-iberdrola-pour-la-mise-en-service-de-la-centrale-hydroelectrique-de-valdecanas\\\/#primaryimage\",\"url\":\"https:\\\/\\\/www.ctengineeringgroup.com\\\/wp-content\\\/uploads\\\/2026\\\/07\\\/Hidroelectrica-valdecanas.png\",\"contentUrl\":\"https:\\\/\\\/www.ctengineeringgroup.com\\\/wp-content\\\/uploads\\\/2026\\\/07\\\/Hidroelectrica-valdecanas.png\",\"width\":1448,\"height\":1086},{\"@type\":\"BreadcrumbList\",\"@id\":\"https:\\\/\\\/www.ctengineeringgroup.com\\\/fr\\\/project\\\/ct-engineering-group-collabore-avec-iberdrola-pour-la-mise-en-service-de-la-centrale-hydroelectrique-de-valdecanas\\\/#breadcrumb\",\"itemListElement\":[{\"@type\":\"ListItem\",\"position\":1,\"name\":\"Portada\",\"item\":\"https:\\\/\\\/www.ctengineeringgroup.com\\\/fr\\\/\"},{\"@type\":\"ListItem\",\"position\":2,\"name\":\"Projets\",\"item\":\"https:\\\/\\\/www.ctengineeringgroup.com\\\/fr\\\/project\\\/\"},{\"@type\":\"ListItem\",\"position\":3,\"name\":\"CT Engineering Group collabore avec Iberdrola \u00e0 la mise en service de la centrale hydro\u00e9lectrique de Valdeca\u00f1as\"}]},{\"@type\":\"WebSite\",\"@id\":\"https:\\\/\\\/www.ctengineeringgroup.com\\\/fr\\\/#website\",\"url\":\"https:\\\/\\\/www.ctengineeringgroup.com\\\/fr\\\/\",\"name\":\"CT Engineering Group\",\"description\":\"\",\"publisher\":{\"@id\":\"https:\\\/\\\/www.ctengineeringgroup.com\\\/fr\\\/#organization\"},\"potentialAction\":[{\"@type\":\"SearchAction\",\"target\":{\"@type\":\"EntryPoint\",\"urlTemplate\":\"https:\\\/\\\/www.ctengineeringgroup.com\\\/fr\\\/?s={search_term_string}\"},\"query-input\":{\"@type\":\"PropertyValueSpecification\",\"valueRequired\":true,\"valueName\":\"search_term_string\"}}],\"inLanguage\":\"fr-FR\"},{\"@type\":\"Organization\",\"@id\":\"https:\\\/\\\/www.ctengineeringgroup.com\\\/fr\\\/#organization\",\"name\":\"CT Engineering Group\",\"url\":\"https:\\\/\\\/www.ctengineeringgroup.com\\\/fr\\\/\",\"logo\":{\"@type\":\"ImageObject\",\"inLanguage\":\"fr-FR\",\"@id\":\"https:\\\/\\\/www.ctengineeringgroup.com\\\/fr\\\/#\\\/schema\\\/logo\\\/image\\\/\",\"url\":\"https:\\\/\\\/www.ctengineeringgroup.com\\\/wp-content\\\/uploads\\\/2023\\\/06\\\/Logo-CT-Solutions-positive-version.png\",\"contentUrl\":\"https:\\\/\\\/www.ctengineeringgroup.com\\\/wp-content\\\/uploads\\\/2023\\\/06\\\/Logo-CT-Solutions-positive-version.png\",\"width\":1160,\"height\":501,\"caption\":\"CT Engineering Group\"},\"image\":{\"@id\":\"https:\\\/\\\/www.ctengineeringgroup.com\\\/fr\\\/#\\\/schema\\\/logo\\\/image\\\/\"},\"sameAs\":[\"https:\\\/\\\/www.linkedin.com\\\/company\\\/thectengineeringgroup\\\/\",\"https:\\\/\\\/www.youtube.com\\\/@thectengineeringgroup7161\"]}]}<\/script>\n<!-- \/ Yoast SEO plugin. -->","yoast_head_json":{"title":"CT Engineering Group collabore avec Iberdrola \u00e0 la mise en service de la centrale hydro\u00e9lectrique de Valdeca\u00f1as - The CT Engineering Group","description":"CT Engineering Group et Iberdrola collaborent \u00e0 la mise en service de la centrale hydro\u00e9lectrique de Valdeca\u00f1as (C\u00e1ceres).","robots":{"index":"index","follow":"follow","max-snippet":"max-snippet:-1","max-image-preview":"max-image-preview:large","max-video-preview":"max-video-preview:-1"},"canonical":"https:\/\/www.ctengineeringgroup.com\/fr\/project\/ct-engineering-group-collabore-avec-iberdrola-pour-la-mise-en-service-de-la-centrale-hydroelectrique-de-valdecanas\/","og_locale":"fr_FR","og_type":"article","og_title":"CT Engineering Group collabore avec Iberdrola \u00e0 la mise en service de la centrale hydro\u00e9lectrique de Valdeca\u00f1as - The CT Engineering Group","og_description":"CT Engineering Group et Iberdrola collaborent \u00e0 la mise en service de la centrale hydro\u00e9lectrique de Valdeca\u00f1as (C\u00e1ceres).","og_url":"https:\/\/www.ctengineeringgroup.com\/fr\/project\/ct-engineering-group-collabore-avec-iberdrola-pour-la-mise-en-service-de-la-centrale-hydroelectrique-de-valdecanas\/","og_site_name":"The CT Engineering Group","article_modified_time":"2026-09-01T08:43:26+00:00","og_image":[{"width":1024,"height":768,"url":"https:\/\/www.ctengineeringgroup.com\/wp-content\/uploads\/2026\/07\/Hidroelectrica-valdecanas-1024x768.png","type":"image\/png"}],"twitter_card":"summary_large_image","twitter_misc":{"Dur\u00e9e de lecture estim\u00e9e":"4 minutes"},"schema":{"@context":"https:\/\/schema.org","@graph":[{"@type":"WebPage","@id":"https:\/\/www.ctengineeringgroup.com\/fr\/project\/ct-engineering-group-collabore-avec-iberdrola-pour-la-mise-en-service-de-la-centrale-hydroelectrique-de-valdecanas\/","url":"https:\/\/www.ctengineeringgroup.com\/fr\/project\/ct-engineering-group-collabore-avec-iberdrola-pour-la-mise-en-service-de-la-centrale-hydroelectrique-de-valdecanas\/","name":"CT Engineering Group collabore avec Iberdrola \u00e0 la mise en service de la centrale hydro\u00e9lectrique de Valdeca\u00f1as - The CT Engineering Group","isPartOf":{"@id":"https:\/\/www.ctengineeringgroup.com\/fr\/#website"},"primaryImageOfPage":{"@id":"https:\/\/www.ctengineeringgroup.com\/fr\/project\/ct-engineering-group-collabore-avec-iberdrola-pour-la-mise-en-service-de-la-centrale-hydroelectrique-de-valdecanas\/#primaryimage"},"image":{"@id":"https:\/\/www.ctengineeringgroup.com\/fr\/project\/ct-engineering-group-collabore-avec-iberdrola-pour-la-mise-en-service-de-la-centrale-hydroelectrique-de-valdecanas\/#primaryimage"},"thumbnailUrl":"https:\/\/www.ctengineeringgroup.com\/wp-content\/uploads\/2026\/07\/Hidroelectrica-valdecanas.png","datePublished":"2026-09-01T08:41:16+00:00","dateModified":"2026-09-01T08:43:26+00:00","description":"CT Engineering Group et Iberdrola collaborent \u00e0 la mise en service de la centrale hydro\u00e9lectrique de Valdeca\u00f1as (C\u00e1ceres).","breadcrumb":{"@id":"https:\/\/www.ctengineeringgroup.com\/fr\/project\/ct-engineering-group-collabore-avec-iberdrola-pour-la-mise-en-service-de-la-centrale-hydroelectrique-de-valdecanas\/#breadcrumb"},"inLanguage":"fr-FR","potentialAction":[{"@type":"ReadAction","target":["https:\/\/www.ctengineeringgroup.com\/fr\/project\/ct-engineering-group-collabore-avec-iberdrola-pour-la-mise-en-service-de-la-centrale-hydroelectrique-de-valdecanas\/"]}]},{"@type":"ImageObject","inLanguage":"fr-FR","@id":"https:\/\/www.ctengineeringgroup.com\/fr\/project\/ct-engineering-group-collabore-avec-iberdrola-pour-la-mise-en-service-de-la-centrale-hydroelectrique-de-valdecanas\/#primaryimage","url":"https:\/\/www.ctengineeringgroup.com\/wp-content\/uploads\/2026\/07\/Hidroelectrica-valdecanas.png","contentUrl":"https:\/\/www.ctengineeringgroup.com\/wp-content\/uploads\/2026\/07\/Hidroelectrica-valdecanas.png","width":1448,"height":1086},{"@type":"BreadcrumbList","@id":"https:\/\/www.ctengineeringgroup.com\/fr\/project\/ct-engineering-group-collabore-avec-iberdrola-pour-la-mise-en-service-de-la-centrale-hydroelectrique-de-valdecanas\/#breadcrumb","itemListElement":[{"@type":"ListItem","position":1,"name":"Portada","item":"https:\/\/www.ctengineeringgroup.com\/fr\/"},{"@type":"ListItem","position":2,"name":"Projets","item":"https:\/\/www.ctengineeringgroup.com\/fr\/project\/"},{"@type":"ListItem","position":3,"name":"CT Engineering Group collabore avec Iberdrola \u00e0 la mise en service de la centrale hydro\u00e9lectrique de Valdeca\u00f1as"}]},{"@type":"WebSite","@id":"https:\/\/www.ctengineeringgroup.com\/fr\/#website","url":"https:\/\/www.ctengineeringgroup.com\/fr\/","name":"CT Engineering Group","description":"","publisher":{"@id":"https:\/\/www.ctengineeringgroup.com\/fr\/#organization"},"potentialAction":[{"@type":"SearchAction","target":{"@type":"EntryPoint","urlTemplate":"https:\/\/www.ctengineeringgroup.com\/fr\/?s={search_term_string}"},"query-input":{"@type":"PropertyValueSpecification","valueRequired":true,"valueName":"search_term_string"}}],"inLanguage":"fr-FR"},{"@type":"Organization","@id":"https:\/\/www.ctengineeringgroup.com\/fr\/#organization","name":"CT Engineering Group","url":"https:\/\/www.ctengineeringgroup.com\/fr\/","logo":{"@type":"ImageObject","inLanguage":"fr-FR","@id":"https:\/\/www.ctengineeringgroup.com\/fr\/#\/schema\/logo\/image\/","url":"https:\/\/www.ctengineeringgroup.com\/wp-content\/uploads\/2023\/06\/Logo-CT-Solutions-positive-version.png","contentUrl":"https:\/\/www.ctengineeringgroup.com\/wp-content\/uploads\/2023\/06\/Logo-CT-Solutions-positive-version.png","width":1160,"height":501,"caption":"CT Engineering Group"},"image":{"@id":"https:\/\/www.ctengineeringgroup.com\/fr\/#\/schema\/logo\/image\/"},"sameAs":["https:\/\/www.linkedin.com\/company\/thectengineeringgroup\/","https:\/\/www.youtube.com\/@thectengineeringgroup7161"]}]}},"_links":{"self":[{"href":"https:\/\/www.ctengineeringgroup.com\/fr\/wp-json\/wp\/v2\/project\/263273","targetHints":{"allow":["GET"]}}],"collection":[{"href":"https:\/\/www.ctengineeringgroup.com\/fr\/wp-json\/wp\/v2\/project"}],"about":[{"href":"https:\/\/www.ctengineeringgroup.com\/fr\/wp-json\/wp\/v2\/types\/project"}],"author":[{"embeddable":true,"href":"https:\/\/www.ctengineeringgroup.com\/fr\/wp-json\/wp\/v2\/users\/10"}],"replies":[{"embeddable":true,"href":"https:\/\/www.ctengineeringgroup.com\/fr\/wp-json\/wp\/v2\/comments?post=263273"}],"version-history":[{"count":5,"href":"https:\/\/www.ctengineeringgroup.com\/fr\/wp-json\/wp\/v2\/project\/263273\/revisions"}],"predecessor-version":[{"id":264072,"href":"https:\/\/www.ctengineeringgroup.com\/fr\/wp-json\/wp\/v2\/project\/263273\/revisions\/264072"}],"wp:featuredmedia":[{"embeddable":true,"href":"https:\/\/www.ctengineeringgroup.com\/fr\/wp-json\/wp\/v2\/media\/263660"}],"wp:attachment":[{"href":"https:\/\/www.ctengineeringgroup.com\/fr\/wp-json\/wp\/v2\/media?parent=263273"}],"wp:term":[{"taxonomy":"project_category","embeddable":true,"href":"https:\/\/www.ctengineeringgroup.com\/fr\/wp-json\/wp\/v2\/project_category?post=263273"},{"taxonomy":"project_tag","embeddable":true,"href":"https:\/\/www.ctengineeringgroup.com\/fr\/wp-json\/wp\/v2\/project_tag?post=263273"}],"curies":[{"name":"wp","href":"https:\/\/api.w.org\/{rel}","templated":true}]}}